{"id":2779,"date":"2021-04-18T10:25:26","date_gmt":"2021-04-18T10:25:26","guid":{"rendered":"https:\/\/pflegebuendnis-nds.de\/?page_id=2779"},"modified":"2023-02-01T17:36:56","modified_gmt":"2023-02-01T17:36:56","slug":"hannover-lehrte-hildesheim","status":"publish","type":"page","link":"https:\/\/pflegebuendnis-nds.de\/pflegebuendnis-niedersachsen-2\/hannover-lehrte-hildesheim\/","title":{"rendered":"Hannover-Lehrte-Hildesheim"},"content":{"rendered":"\t\t<div data-elementor-type=\"wp-page\" data-elementor-id=\"2779\" class=\"elementor elementor-2779\">\n\t\t\t\t\t\t<section class=\"elementor-section elementor-top-section elementor-element elementor-element-3949957 elementor-section-boxed elementor-section-height-default elementor-section-height-default\" data-id=\"3949957\" data-element_type=\"section\" data-settings=\"{&quot;background_background&quot;:&quot;classic&quot;}\">\n\t\t\t\t\t\t<div class=\"elementor-container elementor-column-gap-default\">\n\t\t\t\t\t<div class=\"elementor-column elementor-col-100 elementor-top-column elementor-element elementor-element-fa2ca85\" data-id=\"fa2ca85\" data-element_type=\"column\">\n\t\t\t<div class=\"elementor-widget-wrap elementor-element-populated\">\n\t\t\t\t\t\t<div class=\"elementor-element elementor-element-968442a elementor-widget elementor-widget-spacer\" data-id=\"968442a\" data-element_type=\"widget\" data-widget_type=\"spacer.default\">\n\t\t\t\t<div class=\"elementor-widget-container\">\n\t\t\t\t\t\t\t<div class=\"elementor-spacer\">\n\t\t\t<div class=\"elementor-spacer-inner\"><\/div>\n\t\t<\/div>\n\t\t\t\t\t\t<\/div>\n\t\t\t\t<\/div>\n\t\t\t\t<div class=\"elementor-element elementor-element-66aeceb elementor-widget elementor-widget-text-editor\" data-id=\"66aeceb\" data-element_type=\"widget\" data-widget_type=\"text-editor.default\">\n\t\t\t\t<div class=\"elementor-widget-container\">\n\t\t\t\t\t\t\t\t\t<p style=\"text-align: right;\"><a href=\"https:\/\/pflegebuendnis-nds.de\/\">Zur\u00fcck zum Pflegeb\u00fcndnis Niedersachsen<\/a><\/p>\t\t\t\t\t\t\t\t<\/div>\n\t\t\t\t<\/div>\n\t\t\t\t\t<\/div>\n\t\t<\/div>\n\t\t\t\t\t<\/div>\n\t\t<\/section>\n\t\t\t\t<section class=\"elementor-section elementor-top-section elementor-element elementor-element-e0706f1 elementor-section-boxed elementor-section-height-default elementor-section-height-default\" data-id=\"e0706f1\" data-element_type=\"section\" data-settings=\"{&quot;background_background&quot;:&quot;classic&quot;}\">\n\t\t\t\t\t\t<div class=\"elementor-container elementor-column-gap-default\">\n\t\t\t\t\t<div class=\"elementor-column elementor-col-100 elementor-top-column elementor-element elementor-element-3c768a9\" data-id=\"3c768a9\" data-element_type=\"column\" data-settings=\"{&quot;background_background&quot;:&quot;classic&quot;}\">\n\t\t\t<div class=\"elementor-widget-wrap elementor-element-populated\">\n\t\t\t\t\t<div class=\"elementor-background-overlay\"><\/div>\n\t\t\t\t\t\t<div class=\"elementor-element elementor-element-ecb2013 elementor-widget elementor-widget-image\" data-id=\"ecb2013\" data-element_type=\"widget\" data-widget_type=\"image.default\">\n\t\t\t\t<div class=\"elementor-widget-container\">\n\t\t\t\t\t\t\t\t\t\t\t\t\t\t\t<img fetchpriority=\"high\" decoding=\"async\" width=\"2160\" height=\"480\" src=\"https:\/\/pflegebuendnis-nds.de\/wp-content\/uploads\/2021\/08\/pflegeb_halehi.gif\" class=\"attachment-full size-full wp-image-3489\" alt=\"\" \/>\t\t\t\t\t\t\t\t\t\t\t\t\t\t\t<\/div>\n\t\t\t\t<\/div>\n\t\t\t\t\t<\/div>\n\t\t<\/div>\n\t\t\t\t\t<\/div>\n\t\t<\/section>\n\t\t\t\t<section class=\"elementor-section elementor-top-section elementor-element elementor-element-5522151 elementor-section-boxed elementor-section-height-default elementor-section-height-default\" data-id=\"5522151\" data-element_type=\"section\" data-settings=\"{&quot;background_background&quot;:&quot;classic&quot;}\">\n\t\t\t\t\t\t<div class=\"elementor-container elementor-column-gap-default\">\n\t\t\t\t\t<div class=\"elementor-column elementor-col-100 elementor-top-column elementor-element elementor-element-d599257\" data-id=\"d599257\" data-element_type=\"column\">\n\t\t\t<div class=\"elementor-widget-wrap elementor-element-populated\">\n\t\t\t\t\t\t<div class=\"elementor-element elementor-element-de9e44b elementor-widget elementor-widget-spacer\" data-id=\"de9e44b\" data-element_type=\"widget\" data-widget_type=\"spacer.default\">\n\t\t\t\t<div class=\"elementor-widget-container\">\n\t\t\t\t\t\t\t<div class=\"elementor-spacer\">\n\t\t\t<div class=\"elementor-spacer-inner\"><\/div>\n\t\t<\/div>\n\t\t\t\t\t\t<\/div>\n\t\t\t\t<\/div>\n\t\t\t\t\t<\/div>\n\t\t<\/div>\n\t\t\t\t\t<\/div>\n\t\t<\/section>\n\t\t\t\t<section class=\"elementor-section elementor-top-section elementor-element elementor-element-19bb539 elementor-section-boxed elementor-section-height-default elementor-section-height-default\" data-id=\"19bb539\" data-element_type=\"section\" data-settings=\"{&quot;background_background&quot;:&quot;classic&quot;}\">\n\t\t\t\t\t\t<div class=\"elementor-container elementor-column-gap-default\">\n\t\t\t\t\t<div class=\"elementor-column elementor-col-100 elementor-top-column elementor-element elementor-element-5a9a8f9\" data-id=\"5a9a8f9\" data-element_type=\"column\">\n\t\t\t<div class=\"elementor-widget-wrap elementor-element-populated\">\n\t\t\t\t\t\t<div class=\"elementor-element elementor-element-d322f32 elementor-widget elementor-widget-spacer\" data-id=\"d322f32\" data-element_type=\"widget\" data-widget_type=\"spacer.default\">\n\t\t\t\t<div class=\"elementor-widget-container\">\n\t\t\t\t\t\t\t<div class=\"elementor-spacer\">\n\t\t\t<div class=\"elementor-spacer-inner\"><\/div>\n\t\t<\/div>\n\t\t\t\t\t\t<\/div>\n\t\t\t\t<\/div>\n\t\t\t\t\t<\/div>\n\t\t<\/div>\n\t\t\t\t\t<\/div>\n\t\t<\/section>\n\t\t\t\t<section class=\"elementor-section elementor-top-section elementor-element elementor-element-354a28e elementor-section-boxed elementor-section-height-default elementor-section-height-default\" data-id=\"354a28e\" data-element_type=\"section\" data-settings=\"{&quot;background_background&quot;:&quot;classic&quot;}\">\n\t\t\t\t\t\t<div class=\"elementor-container elementor-column-gap-default\">\n\t\t\t\t\t<div class=\"elementor-column elementor-col-100 elementor-top-column elementor-element elementor-element-dc51f1d\" data-id=\"dc51f1d\" data-element_type=\"column\">\n\t\t\t<div class=\"elementor-widget-wrap elementor-element-populated\">\n\t\t\t\t\t\t<div class=\"elementor-element elementor-element-cc54a4a elementor-widget elementor-widget-text-editor\" data-id=\"cc54a4a\" data-element_type=\"widget\" data-widget_type=\"text-editor.default\">\n\t\t\t\t<div class=\"elementor-widget-container\">\n\t\t\t\t\t\t\t\t\t<h3>Hier sind Infos zu unserer n\u00e4chsten\/letzten Aktion zu finden. Leertext wird bei feststehendem Termin ausgef\u00fcllt.<\/h3>\t\t\t\t\t\t\t\t<\/div>\n\t\t\t\t<\/div>\n\t\t\t\t\t<\/div>\n\t\t<\/div>\n\t\t\t\t\t<\/div>\n\t\t<\/section>\n\t\t\t\t<section class=\"elementor-section elementor-top-section elementor-element elementor-element-bbc2dd1 elementor-section-boxed elementor-section-height-default elementor-section-height-default\" data-id=\"bbc2dd1\" data-element_type=\"section\" data-settings=\"{&quot;background_background&quot;:&quot;classic&quot;}\">\n\t\t\t\t\t\t<div class=\"elementor-container elementor-column-gap-default\">\n\t\t\t\t\t<div class=\"elementor-column elementor-col-100 elementor-top-column elementor-element elementor-element-02d4ec0\" data-id=\"02d4ec0\" data-element_type=\"column\">\n\t\t\t<div class=\"elementor-widget-wrap elementor-element-populated\">\n\t\t\t\t\t\t<div class=\"elementor-element elementor-element-1c9e19d elementor-widget elementor-widget-text-editor\" data-id=\"1c9e19d\" data-element_type=\"widget\" data-widget_type=\"text-editor.default\">\n\t\t\t\t<div class=\"elementor-widget-container\">\n\t\t\t\t\t\t\t\t\t<p><strong>01. Februar 2023 &#8211; Landtag Hannover<\/strong><\/p>\t\t\t\t\t\t\t\t<\/div>\n\t\t\t\t<\/div>\n\t\t\t\t<div class=\"elementor-element elementor-element-43d2b5c elementor-widget elementor-widget-text-editor\" data-id=\"43d2b5c\" data-element_type=\"widget\" data-widget_type=\"text-editor.default\">\n\t\t\t\t<div class=\"elementor-widget-container\">\n\t\t\t\t\t\t\t\t\t<p>Wir haben uns mit Andrea Prell, Pflegefachkraft und Mitglied im Landtag, getroffen.<br>Wir sagen &#8222;Danke&#8220; f\u00fcr die Einladung und die interessante Gespr\u00e4chsrunde.<\/p>\t\t\t\t\t\t\t\t<\/div>\n\t\t\t\t<\/div>\n\t\t\t\t\t<\/div>\n\t\t<\/div>\n\t\t\t\t\t<\/div>\n\t\t<\/section>\n\t\t\t\t<section class=\"elementor-section elementor-top-section elementor-element elementor-element-bcb5319 elementor-section-boxed elementor-section-height-default elementor-section-height-default\" data-id=\"bcb5319\" data-element_type=\"section\" data-settings=\"{&quot;background_background&quot;:&quot;classic&quot;}\">\n\t\t\t\t\t\t<div class=\"elementor-container elementor-column-gap-default\">\n\t\t\t\t\t<div class=\"elementor-column elementor-col-33 elementor-top-column elementor-element elementor-element-59496c1\" data-id=\"59496c1\" data-element_type=\"column\">\n\t\t\t<div class=\"elementor-widget-wrap elementor-element-populated\">\n\t\t\t\t\t\t<div class=\"elementor-element elementor-element-0e1d74c elementor-widget elementor-widget-text-editor\" data-id=\"0e1d74c\" data-element_type=\"widget\" data-widget_type=\"text-editor.default\">\n\t\t\t\t<div class=\"elementor-widget-container\">\n\t\t\t\t\t\t\t\t\t<p>Foto 10 x 15<\/p>\t\t\t\t\t\t\t\t<\/div>\n\t\t\t\t<\/div>\n\t\t\t\t<div class=\"elementor-element elementor-element-3f54faa elementor-widget elementor-widget-image\" data-id=\"3f54faa\" data-element_type=\"widget\" data-widget_type=\"image.default\">\n\t\t\t\t<div class=\"elementor-widget-container\">\n\t\t\t\t\t\t\t\t\t\t\t\t\t\t\t\t<a href=\"https:\/\/pflegebuendnis-nds.de\/wp-content\/uploads\/2023\/02\/Fr_Prell_Landtag_01022023senk.jpg\" data-elementor-open-lightbox=\"yes\" data-elementor-lightbox-title=\"Landtag 01022023 s\" data-e-action-hash=\"#elementor-action%3Aaction%3Dlightbox%26settings%3DeyJpZCI6MzkwNCwidXJsIjoiaHR0cHM6XC9cL3BmbGVnZWJ1ZW5kbmlzLW5kcy5kZVwvd3AtY29udGVudFwvdXBsb2Fkc1wvMjAyM1wvMDJcL0ZyX1ByZWxsX0xhbmR0YWdfMDEwMjIwMjNzZW5rLmpwZyJ9\">\n\t\t\t\t\t\t\t<img decoding=\"async\" width=\"683\" height=\"1024\" src=\"https:\/\/pflegebuendnis-nds.de\/wp-content\/uploads\/2023\/02\/Fr_Prell_Landtag_01022023senk-683x1024.jpg\" class=\"attachment-large size-large wp-image-3904\" alt=\"Erstes Treffen mit Frau Prell\" srcset=\"https:\/\/pflegebuendnis-nds.de\/wp-content\/uploads\/2023\/02\/Fr_Prell_Landtag_01022023senk-683x1024.jpg 683w, https:\/\/pflegebuendnis-nds.de\/wp-content\/uploads\/2023\/02\/Fr_Prell_Landtag_01022023senk-200x300.jpg 200w, https:\/\/pflegebuendnis-nds.de\/wp-content\/uploads\/2023\/02\/Fr_Prell_Landtag_01022023senk-768x1152.jpg 768w, https:\/\/pflegebuendnis-nds.de\/wp-content\/uploads\/2023\/02\/Fr_Prell_Landtag_01022023senk-1024x1536.jpg 1024w, https:\/\/pflegebuendnis-nds.de\/wp-content\/uploads\/2023\/02\/Fr_Prell_Landtag_01022023senk.jpg 1200w\" sizes=\"(max-width: 683px) 100vw, 683px\" \/>\t\t\t\t\t\t\t\t<\/a>\n\t\t\t\t\t\t\t\t\t\t\t\t\t\t\t<\/div>\n\t\t\t\t<\/div>\n\t\t\t\t\t<\/div>\n\t\t<\/div>\n\t\t\t\t<div class=\"elementor-column elementor-col-33 elementor-top-column elementor-element elementor-element-1e25265\" data-id=\"1e25265\" data-element_type=\"column\">\n\t\t\t<div class=\"elementor-widget-wrap elementor-element-populated\">\n\t\t\t\t\t\t<div class=\"elementor-element elementor-element-0b41834 elementor-widget elementor-widget-text-editor\" data-id=\"0b41834\" data-element_type=\"widget\" data-widget_type=\"text-editor.default\">\n\t\t\t\t<div class=\"elementor-widget-container\">\n\t\t\t\t\t\t\t\t\t<p>Foto Instagram<\/p>\t\t\t\t\t\t\t\t<\/div>\n\t\t\t\t<\/div>\n\t\t\t\t<div class=\"elementor-element elementor-element-2f49cc7 elementor-widget elementor-widget-image\" data-id=\"2f49cc7\" data-element_type=\"widget\" data-widget_type=\"image.default\">\n\t\t\t\t<div class=\"elementor-widget-container\">\n\t\t\t\t\t\t\t\t\t\t\t\t\t\t\t\t<a href=\"https:\/\/pflegebuendnis-nds.de\/wp-content\/uploads\/2023\/02\/Fr_Prell_Landtag_01022023insta.jpg\" data-elementor-open-lightbox=\"yes\" data-elementor-lightbox-title=\"Landtag 01022023\" data-e-action-hash=\"#elementor-action%3Aaction%3Dlightbox%26settings%3DeyJpZCI6Mzg3NywidXJsIjoiaHR0cHM6XC9cL3BmbGVnZWJ1ZW5kbmlzLW5kcy5kZVwvd3AtY29udGVudFwvdXBsb2Fkc1wvMjAyM1wvMDJcL0ZyX1ByZWxsX0xhbmR0YWdfMDEwMjIwMjNpbnN0YS5qcGcifQ%3D%3D\">\n\t\t\t\t\t\t\t<img decoding=\"async\" width=\"300\" height=\"300\" src=\"https:\/\/pflegebuendnis-nds.de\/wp-content\/uploads\/2023\/02\/Fr_Prell_Landtag_01022023insta-300x300.jpg\" class=\"attachment-medium size-medium wp-image-3877\" alt=\"Erstes Treffen mit Frau Prell\" srcset=\"https:\/\/pflegebuendnis-nds.de\/wp-content\/uploads\/2023\/02\/Fr_Prell_Landtag_01022023insta-300x300.jpg 300w, https:\/\/pflegebuendnis-nds.de\/wp-content\/uploads\/2023\/02\/Fr_Prell_Landtag_01022023insta-1024x1024.jpg 1024w, https:\/\/pflegebuendnis-nds.de\/wp-content\/uploads\/2023\/02\/Fr_Prell_Landtag_01022023insta-150x150.jpg 150w, https:\/\/pflegebuendnis-nds.de\/wp-content\/uploads\/2023\/02\/Fr_Prell_Landtag_01022023insta-768x768.jpg 768w, https:\/\/pflegebuendnis-nds.de\/wp-content\/uploads\/2023\/02\/Fr_Prell_Landtag_01022023insta-600x600.jpg 600w, https:\/\/pflegebuendnis-nds.de\/wp-content\/uploads\/2023\/02\/Fr_Prell_Landtag_01022023insta.jpg 1080w\" sizes=\"(max-width: 300px) 100vw, 300px\" \/>\t\t\t\t\t\t\t\t<\/a>\n\t\t\t\t\t\t\t\t\t\t\t\t\t\t\t<\/div>\n\t\t\t\t<\/div>\n\t\t\t\t\t<\/div>\n\t\t<\/div>\n\t\t\t\t<div class=\"elementor-column elementor-col-33 elementor-top-column elementor-element elementor-element-c0cf23c\" data-id=\"c0cf23c\" data-element_type=\"column\">\n\t\t\t<div class=\"elementor-widget-wrap elementor-element-populated\">\n\t\t\t\t\t\t<div class=\"elementor-element elementor-element-b3a7b2b elementor-widget elementor-widget-text-editor\" data-id=\"b3a7b2b\" data-element_type=\"widget\" data-widget_type=\"text-editor.default\">\n\t\t\t\t<div class=\"elementor-widget-container\">\n\t\t\t\t\t\t\t\t\t<p>Foto 15 x 10<\/p>\t\t\t\t\t\t\t\t<\/div>\n\t\t\t\t<\/div>\n\t\t\t\t<div class=\"elementor-element elementor-element-03cdf0e elementor-widget elementor-widget-image\" data-id=\"03cdf0e\" data-element_type=\"widget\" data-widget_type=\"image.default\">\n\t\t\t\t<div class=\"elementor-widget-container\">\n\t\t\t\t\t\t\t\t\t\t\t\t\t\t\t\t<a href=\"https:\/\/pflegebuendnis-nds.de\/wp-content\/uploads\/2023\/02\/Fr_Prell_Landtag_01022023waag.jpg\" data-elementor-open-lightbox=\"yes\" data-elementor-lightbox-title=\"Landtag 01022023 w\" data-e-action-hash=\"#elementor-action%3Aaction%3Dlightbox%26settings%3DeyJpZCI6MzkwMywidXJsIjoiaHR0cHM6XC9cL3BmbGVnZWJ1ZW5kbmlzLW5kcy5kZVwvd3AtY29udGVudFwvdXBsb2Fkc1wvMjAyM1wvMDJcL0ZyX1ByZWxsX0xhbmR0YWdfMDEwMjIwMjN3YWFnLmpwZyJ9\">\n\t\t\t\t\t\t\t<img loading=\"lazy\" decoding=\"async\" width=\"768\" height=\"512\" src=\"https:\/\/pflegebuendnis-nds.de\/wp-content\/uploads\/2023\/02\/Fr_Prell_Landtag_01022023waag-768x512.jpg\" class=\"attachment-medium_large size-medium_large wp-image-3903\" alt=\"Erstes Treffen mit Frau Prell\" srcset=\"https:\/\/pflegebuendnis-nds.de\/wp-content\/uploads\/2023\/02\/Fr_Prell_Landtag_01022023waag-768x512.jpg 768w, https:\/\/pflegebuendnis-nds.de\/wp-content\/uploads\/2023\/02\/Fr_Prell_Landtag_01022023waag-300x200.jpg 300w, https:\/\/pflegebuendnis-nds.de\/wp-content\/uploads\/2023\/02\/Fr_Prell_Landtag_01022023waag-1024x683.jpg 1024w, https:\/\/pflegebuendnis-nds.de\/wp-content\/uploads\/2023\/02\/Fr_Prell_Landtag_01022023waag-1536x1024.jpg 1536w, https:\/\/pflegebuendnis-nds.de\/wp-content\/uploads\/2023\/02\/Fr_Prell_Landtag_01022023waag.jpg 1800w\" sizes=\"(max-width: 768px) 100vw, 768px\" \/>\t\t\t\t\t\t\t\t<\/a>\n\t\t\t\t\t\t\t\t\t\t\t\t\t\t\t<\/div>\n\t\t\t\t<\/div>\n\t\t\t\t\t<\/div>\n\t\t<\/div>\n\t\t\t\t\t<\/div>\n\t\t<\/section>\n\t\t\t\t<section class=\"elementor-section elementor-top-section elementor-element elementor-element-fd62f75 elementor-section-boxed elementor-section-height-default elementor-section-height-default\" data-id=\"fd62f75\" data-element_type=\"section\" data-settings=\"{&quot;background_background&quot;:&quot;classic&quot;}\">\n\t\t\t\t\t\t<div class=\"elementor-container elementor-column-gap-default\">\n\t\t\t\t\t<div class=\"elementor-column elementor-col-100 elementor-top-column elementor-element elementor-element-c7379d1\" data-id=\"c7379d1\" data-element_type=\"column\">\n\t\t\t<div class=\"elementor-widget-wrap elementor-element-populated\">\n\t\t\t\t\t\t<div class=\"elementor-element elementor-element-0df3be6 elementor-widget elementor-widget-spacer\" data-id=\"0df3be6\" data-element_type=\"widget\" data-widget_type=\"spacer.default\">\n\t\t\t\t<div class=\"elementor-widget-container\">\n\t\t\t\t\t\t\t<div class=\"elementor-spacer\">\n\t\t\t<div class=\"elementor-spacer-inner\"><\/div>\n\t\t<\/div>\n\t\t\t\t\t\t<\/div>\n\t\t\t\t<\/div>\n\t\t\t\t\t<\/div>\n\t\t<\/div>\n\t\t\t\t\t<\/div>\n\t\t<\/section>\n\t\t\t\t<section class=\"elementor-section elementor-top-section elementor-element elementor-element-6685324 elementor-section-boxed elementor-section-height-default elementor-section-height-default\" data-id=\"6685324\" data-element_type=\"section\" data-settings=\"{&quot;background_background&quot;:&quot;classic&quot;}\">\n\t\t\t\t\t\t<div class=\"elementor-container elementor-column-gap-default\">\n\t\t\t\t\t<div class=\"elementor-column elementor-col-25 elementor-top-column elementor-element elementor-element-ecfb945\" data-id=\"ecfb945\" data-element_type=\"column\">\n\t\t\t<div class=\"elementor-widget-wrap elementor-element-populated\">\n\t\t\t\t\t\t<div class=\"elementor-element elementor-element-c3cd009 elementor-widget elementor-widget-text-editor\" data-id=\"c3cd009\" data-element_type=\"widget\" data-widget_type=\"text-editor.default\">\n\t\t\t\t<div class=\"elementor-widget-container\">\n\t\t\t\t\t\t\t\t\t<p><strong>Aktions-Thema<\/strong><\/p>\t\t\t\t\t\t\t\t<\/div>\n\t\t\t\t<\/div>\n\t\t\t\t<div class=\"elementor-element elementor-element-0946da4 elementor-widget elementor-widget-text-editor\" data-id=\"0946da4\" data-element_type=\"widget\" data-widget_type=\"text-editor.default\">\n\t\t\t\t<div class=\"elementor-widget-container\">\n\t\t\t\t\t\t\t\t\t<p>Tag der Pflege<\/p>\t\t\t\t\t\t\t\t<\/div>\n\t\t\t\t<\/div>\n\t\t\t\t<div class=\"elementor-element elementor-element-f351387 elementor-widget elementor-widget-text-editor\" data-id=\"f351387\" data-element_type=\"widget\" data-widget_type=\"text-editor.default\">\n\t\t\t\t<div class=\"elementor-widget-container\">\n\t\t\t\t\t\t\t\t\t<p><strong>Datum<\/strong><\/p>\t\t\t\t\t\t\t\t<\/div>\n\t\t\t\t<\/div>\n\t\t\t\t<div class=\"elementor-element elementor-element-934ce4d elementor-widget elementor-widget-text-editor\" data-id=\"934ce4d\" data-element_type=\"widget\" data-widget_type=\"text-editor.default\">\n\t\t\t\t<div class=\"elementor-widget-container\">\n\t\t\t\t\t\t\t\t\t<p>12. Mai 2022<\/p>\t\t\t\t\t\t\t\t<\/div>\n\t\t\t\t<\/div>\n\t\t\t\t<div class=\"elementor-element elementor-element-14d72ee elementor-widget elementor-widget-text-editor\" data-id=\"14d72ee\" data-element_type=\"widget\" data-widget_type=\"text-editor.default\">\n\t\t\t\t<div class=\"elementor-widget-container\">\n\t\t\t\t\t\t\t\t\t<p><strong>Veranstaltungsort<\/strong><\/p>\t\t\t\t\t\t\t\t<\/div>\n\t\t\t\t<\/div>\n\t\t\t\t<div class=\"elementor-element elementor-element-3686296 elementor-widget elementor-widget-text-editor\" data-id=\"3686296\" data-element_type=\"widget\" data-widget_type=\"text-editor.default\">\n\t\t\t\t<div class=\"elementor-widget-container\">\n\t\t\t\t\t\t\t\t\t<p>um 15:30Uhr in Hannover am Kr\u00f6pcke<\/p>\t\t\t\t\t\t\t\t<\/div>\n\t\t\t\t<\/div>\n\t\t\t\t\t<\/div>\n\t\t<\/div>\n\t\t\t\t<div class=\"elementor-column elementor-col-25 elementor-top-column elementor-element elementor-element-4a1e9ad\" data-id=\"4a1e9ad\" data-element_type=\"column\" data-settings=\"{&quot;background_background&quot;:&quot;classic&quot;}\">\n\t\t\t<div class=\"elementor-widget-wrap\">\n\t\t\t\t\t\t\t<\/div>\n\t\t<\/div>\n\t\t\t\t<div class=\"elementor-column elementor-col-25 elementor-top-column elementor-element elementor-element-dcfbc94\" data-id=\"dcfbc94\" data-element_type=\"column\">\n\t\t\t<div class=\"elementor-widget-wrap elementor-element-populated\">\n\t\t\t\t\t\t<div class=\"elementor-element elementor-element-bc219c5 elementor-widget elementor-widget-text-editor\" data-id=\"bc219c5\" data-element_type=\"widget\" data-widget_type=\"text-editor.default\">\n\t\t\t\t<div class=\"elementor-widget-container\">\n\t\t\t\t\t\t\t\t\t<p>Veranstaltungsfoto Instagram<\/p>\t\t\t\t\t\t\t\t<\/div>\n\t\t\t\t<\/div>\n\t\t\t\t<div class=\"elementor-element elementor-element-f6f1032 elementor-widget elementor-widget-image\" data-id=\"f6f1032\" data-element_type=\"widget\" data-widget_type=\"image.default\">\n\t\t\t\t<div class=\"elementor-widget-container\">\n\t\t\t\t\t\t\t\t\t\t\t\t\t\t\t\t<a href=\"https:\/\/pflegebuendnis-nds.de\/wp-content\/uploads\/2022\/04\/12052022_insta.jpg\" data-elementor-open-lightbox=\"yes\" data-elementor-lightbox-title=\"Tag der Pflege 12-5-22 insta\" data-e-action-hash=\"#elementor-action%3Aaction%3Dlightbox%26settings%3DeyJpZCI6MzU5MCwidXJsIjoiaHR0cHM6XC9cL3BmbGVnZWJ1ZW5kbmlzLW5kcy5kZVwvd3AtY29udGVudFwvdXBsb2Fkc1wvMjAyMlwvMDRcLzEyMDUyMDIyX2luc3RhLmpwZyJ9\">\n\t\t\t\t\t\t\t<img loading=\"lazy\" decoding=\"async\" width=\"300\" height=\"300\" src=\"https:\/\/pflegebuendnis-nds.de\/wp-content\/uploads\/2022\/04\/12052022_insta-300x300.jpg\" class=\"attachment-medium size-medium wp-image-3590\" alt=\"Tag der Pflege 12-5-22 insta\" srcset=\"https:\/\/pflegebuendnis-nds.de\/wp-content\/uploads\/2022\/04\/12052022_insta-300x300.jpg 300w, https:\/\/pflegebuendnis-nds.de\/wp-content\/uploads\/2022\/04\/12052022_insta-1024x1024.jpg 1024w, https:\/\/pflegebuendnis-nds.de\/wp-content\/uploads\/2022\/04\/12052022_insta-150x150.jpg 150w, https:\/\/pflegebuendnis-nds.de\/wp-content\/uploads\/2022\/04\/12052022_insta-768x768.jpg 768w, https:\/\/pflegebuendnis-nds.de\/wp-content\/uploads\/2022\/04\/12052022_insta.jpg 1080w\" sizes=\"(max-width: 300px) 100vw, 300px\" \/>\t\t\t\t\t\t\t\t<\/a>\n\t\t\t\t\t\t\t\t\t\t\t\t\t\t\t<\/div>\n\t\t\t\t<\/div>\n\t\t\t\t\t<\/div>\n\t\t<\/div>\n\t\t\t\t<div class=\"elementor-column elementor-col-25 elementor-top-column elementor-element elementor-element-947833b\" data-id=\"947833b\" data-element_type=\"column\">\n\t\t\t<div class=\"elementor-widget-wrap elementor-element-populated\">\n\t\t\t\t\t\t<div class=\"elementor-element elementor-element-4713d44 elementor-widget elementor-widget-text-editor\" data-id=\"4713d44\" data-element_type=\"widget\" data-widget_type=\"text-editor.default\">\n\t\t\t\t<div class=\"elementor-widget-container\">\n\t\t\t\t\t\t\t\t\t<p>Veranstaltungsfoto Flyer<\/p>\t\t\t\t\t\t\t\t<\/div>\n\t\t\t\t<\/div>\n\t\t\t\t<div class=\"elementor-element elementor-element-e7667c6 elementor-widget elementor-widget-image\" data-id=\"e7667c6\" data-element_type=\"widget\" data-widget_type=\"image.default\">\n\t\t\t\t<div class=\"elementor-widget-container\">\n\t\t\t\t\t\t\t\t\t\t\t\t\t\t\t\t<a href=\"https:\/\/pflegebuendnis-nds.de\/wp-content\/uploads\/2022\/04\/12052022tdp-scaled.jpg\" data-elementor-open-lightbox=\"yes\" data-elementor-lightbox-title=\"Tag der Pflege 12-5-22\" data-e-action-hash=\"#elementor-action%3Aaction%3Dlightbox%26settings%3DeyJpZCI6MzU5MSwidXJsIjoiaHR0cHM6XC9cL3BmbGVnZWJ1ZW5kbmlzLW5kcy5kZVwvd3AtY29udGVudFwvdXBsb2Fkc1wvMjAyMlwvMDRcLzEyMDUyMDIydGRwLXNjYWxlZC5qcGcifQ%3D%3D\">\n\t\t\t\t\t\t\t<img loading=\"lazy\" decoding=\"async\" width=\"214\" height=\"300\" src=\"https:\/\/pflegebuendnis-nds.de\/wp-content\/uploads\/2022\/04\/12052022tdp-214x300.jpg\" class=\"attachment-medium size-medium wp-image-3591\" alt=\"Tag der Pflege 12-5-22\" srcset=\"https:\/\/pflegebuendnis-nds.de\/wp-content\/uploads\/2022\/04\/12052022tdp-214x300.jpg 214w, https:\/\/pflegebuendnis-nds.de\/wp-content\/uploads\/2022\/04\/12052022tdp-731x1024.jpg 731w, https:\/\/pflegebuendnis-nds.de\/wp-content\/uploads\/2022\/04\/12052022tdp-768x1076.jpg 768w, https:\/\/pflegebuendnis-nds.de\/wp-content\/uploads\/2022\/04\/12052022tdp-1097x1536.jpg 1097w, https:\/\/pflegebuendnis-nds.de\/wp-content\/uploads\/2022\/04\/12052022tdp-1462x2048.jpg 1462w, https:\/\/pflegebuendnis-nds.de\/wp-content\/uploads\/2022\/04\/12052022tdp-scaled.jpg 1828w\" sizes=\"(max-width: 214px) 100vw, 214px\" \/>\t\t\t\t\t\t\t\t<\/a>\n\t\t\t\t\t\t\t\t\t\t\t\t\t\t\t<\/div>\n\t\t\t\t<\/div>\n\t\t\t\t\t<\/div>\n\t\t<\/div>\n\t\t\t\t\t<\/div>\n\t\t<\/section>\n\t\t\t\t<section class=\"elementor-section elementor-top-section elementor-element elementor-element-7f26e82 elementor-section-boxed elementor-section-height-default elementor-section-height-default\" data-id=\"7f26e82\" data-element_type=\"section\" data-settings=\"{&quot;background_background&quot;:&quot;classic&quot;}\">\n\t\t\t\t\t\t<div class=\"elementor-container elementor-column-gap-default\">\n\t\t\t\t\t<div class=\"elementor-column elementor-col-100 elementor-top-column elementor-element elementor-element-dc2c29f\" data-id=\"dc2c29f\" data-element_type=\"column\">\n\t\t\t<div class=\"elementor-widget-wrap elementor-element-populated\">\n\t\t\t\t\t\t<div class=\"elementor-element elementor-element-830a8f5 elementor-widget elementor-widget-text-editor\" data-id=\"830a8f5\" data-element_type=\"widget\" data-widget_type=\"text-editor.default\">\n\t\t\t\t<div class=\"elementor-widget-container\">\n\t\t\t\t\t\t\t\t\t<p style=\"text-align: center;\">Download des Veranstaltungsflyers, als pdf-Datei <a href=\"https:\/\/pflegebuendnis-nds.de\/wp-content\/uploads\/2022\/04\/12_05_2022tdp.pdf\" target=\"_blank\" rel=\"noopener\">hier<\/a><\/p>\t\t\t\t\t\t\t\t<\/div>\n\t\t\t\t<\/div>\n\t\t\t\t<div class=\"elementor-element elementor-element-ff7c326 elementor-widget elementor-widget-text-editor\" data-id=\"ff7c326\" data-element_type=\"widget\" data-widget_type=\"text-editor.default\">\n\t\t\t\t<div class=\"elementor-widget-container\">\n\t\t\t\t\t\t\t\t\t<p style=\"text-align: center;\"><span style=\"color: #339966;\"><strong>__________________________________________<\/strong><\/span><\/p>\t\t\t\t\t\t\t\t<\/div>\n\t\t\t\t<\/div>\n\t\t\t\t\t<\/div>\n\t\t<\/div>\n\t\t\t\t\t<\/div>\n\t\t<\/section>\n\t\t\t\t<section class=\"elementor-section elementor-top-section elementor-element elementor-element-c18d94a elementor-section-boxed elementor-section-height-default elementor-section-height-default\" data-id=\"c18d94a\" data-element_type=\"section\" data-settings=\"{&quot;background_background&quot;:&quot;classic&quot;}\">\n\t\t\t\t\t\t<div class=\"elementor-container elementor-column-gap-default\">\n\t\t\t\t\t<div class=\"elementor-column elementor-col-100 elementor-top-column elementor-element elementor-element-db50e1b\" data-id=\"db50e1b\" data-element_type=\"column\">\n\t\t\t<div class=\"elementor-widget-wrap elementor-element-populated\">\n\t\t\t\t\t\t<div class=\"elementor-element elementor-element-e2de13f elementor-widget elementor-widget-spacer\" data-id=\"e2de13f\" data-element_type=\"widget\" data-widget_type=\"spacer.default\">\n\t\t\t\t<div class=\"elementor-widget-container\">\n\t\t\t\t\t\t\t<div class=\"elementor-spacer\">\n\t\t\t<div class=\"elementor-spacer-inner\"><\/div>\n\t\t<\/div>\n\t\t\t\t\t\t<\/div>\n\t\t\t\t<\/div>\n\t\t\t\t\t<\/div>\n\t\t<\/div>\n\t\t\t\t\t<\/div>\n\t\t<\/section>\n\t\t\t\t<section class=\"elementor-section elementor-top-section elementor-element elementor-element-9db5b5c elementor-section-boxed elementor-section-height-default elementor-section-height-default\" data-id=\"9db5b5c\" data-element_type=\"section\" data-settings=\"{&quot;background_background&quot;:&quot;classic&quot;}\">\n\t\t\t\t\t\t<div class=\"elementor-container elementor-column-gap-default\">\n\t\t\t\t\t<div class=\"elementor-column elementor-col-100 elementor-top-column elementor-element elementor-element-7542418\" data-id=\"7542418\" data-element_type=\"column\">\n\t\t\t<div class=\"elementor-widget-wrap elementor-element-populated\">\n\t\t\t\t\t\t<div class=\"elementor-element elementor-element-5e34876 elementor-widget elementor-widget-text-editor\" data-id=\"5e34876\" data-element_type=\"widget\" data-widget_type=\"text-editor.default\">\n\t\t\t\t<div class=\"elementor-widget-container\">\n\t\t\t\t\t\t\t\t\t<h3><span style=\"color: #c2c2c2;\">Hier sind Infos zum n\u00e4chsten Zoommeeting zu finden. Leertext wird bei feststehendem Termin ausgef\u00fcllt.<\/span><\/h3>\t\t\t\t\t\t\t\t<\/div>\n\t\t\t\t<\/div>\n\t\t\t\t<div class=\"elementor-element elementor-element-47f13ac elementor-widget elementor-widget-text-editor\" data-id=\"47f13ac\" data-element_type=\"widget\" data-widget_type=\"text-editor.default\">\n\t\t\t\t<div class=\"elementor-widget-container\">\n\t\t\t\t\t\t\t\t\t<h3>Zoommeetings fallen f\u00fcr die n\u00e4chste Zeit nicht an!!!<\/h3>\t\t\t\t\t\t\t\t<\/div>\n\t\t\t\t<\/div>\n\t\t\t\t\t<\/div>\n\t\t<\/div>\n\t\t\t\t\t<\/div>\n\t\t<\/section>\n\t\t\t\t<section class=\"elementor-section elementor-top-section elementor-element elementor-element-73a3b96 elementor-section-boxed elementor-section-height-default elementor-section-height-default\" data-id=\"73a3b96\" data-element_type=\"section\" data-settings=\"{&quot;background_background&quot;:&quot;classic&quot;}\">\n\t\t\t\t\t\t<div class=\"elementor-container elementor-column-gap-default\">\n\t\t\t\t\t<div class=\"elementor-column elementor-col-33 elementor-top-column elementor-element elementor-element-72ea946\" data-id=\"72ea946\" data-element_type=\"column\">\n\t\t\t<div class=\"elementor-widget-wrap elementor-element-populated\">\n\t\t\t\t\t\t<div class=\"elementor-element elementor-element-8b04431 elementor-widget elementor-widget-text-editor\" data-id=\"8b04431\" data-element_type=\"widget\" data-widget_type=\"text-editor.default\">\n\t\t\t\t<div class=\"elementor-widget-container\">\n\t\t\t\t\t\t\t\t\t<p><strong>Unser n\u00e4chstes Zoom-Meeting ist am &#8230;&#8230;., den &#8230;&#8230;.. um ..:..Uhr.<\/strong><\/p>\t\t\t\t\t\t\t\t<\/div>\n\t\t\t\t<\/div>\n\t\t\t\t<div class=\"elementor-element elementor-element-4e59316 elementor-widget elementor-widget-text-editor\" data-id=\"4e59316\" data-element_type=\"widget\" data-widget_type=\"text-editor.default\">\n\t\t\t\t<div class=\"elementor-widget-container\">\n\t\t\t\t\t\t\t\t\t<p><u>M\u00f6glichkeiten um beim Zoom-Meeting mitzumachen:<\/u><\/p><ul><li>Auf folgenden Link klicken: <i>&#8230;&#8230;&#8230;&#8230;&#8230;&#8230;&#8230;&#8230;..<\/i><br \/>oder den Link kopieren und in das Browseradressfenster eintragen.<\/li><\/ul><p>oder<\/p><ul><li>Die Webseite von Zoom aufrufen (https:\/\/zoom.us\/de-de\/meetings.html)<br \/>und die Option \u201eeinem Meeting beitreten\u201c w\u00e4hlen, in dem Fenster<br \/>\u201eBesprechungs-ID \u2026\u201c <strong>&#8230;&#8230;&#8230;&#8230;&#8230; eingeben.<\/strong><\/li><\/ul>\t\t\t\t\t\t\t\t<\/div>\n\t\t\t\t<\/div>\n\t\t\t\t\t<\/div>\n\t\t<\/div>\n\t\t\t\t<div class=\"elementor-column elementor-col-33 elementor-top-column elementor-element elementor-element-5dec333\" data-id=\"5dec333\" data-element_type=\"column\" data-settings=\"{&quot;background_background&quot;:&quot;classic&quot;}\">\n\t\t\t<div class=\"elementor-widget-wrap\">\n\t\t\t\t\t\t\t<\/div>\n\t\t<\/div>\n\t\t\t\t<div class=\"elementor-column elementor-col-33 elementor-top-column elementor-element elementor-element-0f48503\" data-id=\"0f48503\" data-element_type=\"column\">\n\t\t\t<div class=\"elementor-widget-wrap elementor-element-populated\">\n\t\t\t\t\t\t<div class=\"elementor-element elementor-element-7eb56e5 elementor-widget elementor-widget-text-editor\" data-id=\"7eb56e5\" data-element_type=\"widget\" data-widget_type=\"text-editor.default\">\n\t\t\t\t<div class=\"elementor-widget-container\">\n\t\t\t\t\t\t\t\t\t<p><u>Schnelleinwahl mobil Infos<\/u><br \/>\u00a0\u00a0\u00a0\u00a0\u00a0\u00a0\u00a0\u00a0\u00a0\u00a0\u00a0\u00a0\u00a0\u00a0 +&#8230;..Deutschland<br \/>\u00a0\u00a0\u00a0\u00a0\u00a0\u00a0\u00a0\u00a0\u00a0\u00a0\u00a0\u00a0\u00a0\u00a0 +&#8230;.. Deutschland<\/p><p><u>Einwahl nach aktuellem Standort<\/u><br \/>\u00a0\u00a0\u00a0\u00a0\u00a0\u00a0\u00a0\u00a0\u00a0\u00a0\u00a0\u00a0\u00a0\u00a0 +&#8230;&#8230;. Deutschland<br \/>\u00a0\u00a0\u00a0\u00a0\u00a0\u00a0\u00a0\u00a0\u00a0\u00a0\u00a0\u00a0\u00a0\u00a0 +&#8230;&#8230;. Deutschland<br \/>\u00a0\u00a0\u00a0\u00a0\u00a0\u00a0\u00a0\u00a0\u00a0\u00a0\u00a0\u00a0\u00a0\u00a0 +&#8230;&#8230;. Deutschland<br \/>\u00a0\u00a0\u00a0\u00a0\u00a0\u00a0\u00a0\u00a0\u00a0\u00a0\u00a0\u00a0\u00a0\u00a0 +&#8230;&#8230;. Deutschland<\/p><p>Ortseinwahl suchen: https: &#8230;&#8230;.<\/p>\t\t\t\t\t\t\t\t<\/div>\n\t\t\t\t<\/div>\n\t\t\t\t\t<\/div>\n\t\t<\/div>\n\t\t\t\t\t<\/div>\n\t\t<\/section>\n\t\t\t\t<section class=\"elementor-section elementor-top-section elementor-element elementor-element-122594a elementor-section-boxed elementor-section-height-default elementor-section-height-default\" data-id=\"122594a\" data-element_type=\"section\" data-settings=\"{&quot;background_background&quot;:&quot;classic&quot;}\">\n\t\t\t\t\t\t<div class=\"elementor-container elementor-column-gap-default\">\n\t\t\t\t\t<div class=\"elementor-column elementor-col-100 elementor-top-column elementor-element elementor-element-81c68c8\" data-id=\"81c68c8\" data-element_type=\"column\">\n\t\t\t<div class=\"elementor-widget-wrap elementor-element-populated\">\n\t\t\t\t\t\t<div class=\"elementor-element elementor-element-0fe9ab3 elementor-widget elementor-widget-text-editor\" data-id=\"0fe9ab3\" data-element_type=\"widget\" data-widget_type=\"text-editor.default\">\n\t\t\t\t<div class=\"elementor-widget-container\">\n\t\t\t\t\t\t\t\t\t<p style=\"text-align: center;\">Download der Meeting-Einladung, als pdf-Datei hier.<\/p>\t\t\t\t\t\t\t\t<\/div>\n\t\t\t\t<\/div>\n\t\t\t\t\t<\/div>\n\t\t<\/div>\n\t\t\t\t\t<\/div>\n\t\t<\/section>\n\t\t\t\t<section class=\"elementor-section elementor-top-section elementor-element elementor-element-d27017f elementor-section-boxed elementor-section-height-default elementor-section-height-default\" data-id=\"d27017f\" data-element_type=\"section\" data-settings=\"{&quot;background_background&quot;:&quot;classic&quot;}\">\n\t\t\t\t\t\t<div class=\"elementor-container elementor-column-gap-default\">\n\t\t\t\t\t<div class=\"elementor-column elementor-col-100 elementor-top-column elementor-element elementor-element-088359d\" data-id=\"088359d\" data-element_type=\"column\">\n\t\t\t<div class=\"elementor-widget-wrap elementor-element-populated\">\n\t\t\t\t\t\t<div class=\"elementor-element elementor-element-c88cc72 elementor-widget elementor-widget-spacer\" data-id=\"c88cc72\" data-element_type=\"widget\" data-widget_type=\"spacer.default\">\n\t\t\t\t<div class=\"elementor-widget-container\">\n\t\t\t\t\t\t\t<div class=\"elementor-spacer\">\n\t\t\t<div class=\"elementor-spacer-inner\"><\/div>\n\t\t<\/div>\n\t\t\t\t\t\t<\/div>\n\t\t\t\t<\/div>\n\t\t\t\t<div class=\"elementor-element elementor-element-ee0ea06 elementor-widget elementor-widget-spacer\" data-id=\"ee0ea06\" data-element_type=\"widget\" data-widget_type=\"spacer.default\">\n\t\t\t\t<div class=\"elementor-widget-container\">\n\t\t\t\t\t\t\t<div class=\"elementor-spacer\">\n\t\t\t<div class=\"elementor-spacer-inner\"><\/div>\n\t\t<\/div>\n\t\t\t\t\t\t<\/div>\n\t\t\t\t<\/div>\n\t\t\t\t\t<\/div>\n\t\t<\/div>\n\t\t\t\t\t<\/div>\n\t\t<\/section>\n\t\t\t\t<section class=\"elementor-section elementor-top-section elementor-element elementor-element-a7ba097 elementor-section-boxed elementor-section-height-default elementor-section-height-default\" data-id=\"a7ba097\" data-element_type=\"section\" data-settings=\"{&quot;background_background&quot;:&quot;classic&quot;}\">\n\t\t\t\t\t\t<div class=\"elementor-container elementor-column-gap-default\">\n\t\t\t\t\t<div class=\"elementor-column elementor-col-100 elementor-top-column elementor-element elementor-element-a527ff0\" data-id=\"a527ff0\" data-element_type=\"column\">\n\t\t\t<div class=\"elementor-widget-wrap elementor-element-populated\">\n\t\t\t\t\t\t<div class=\"elementor-element elementor-element-7aa7216 elementor-widget elementor-widget-text-editor\" data-id=\"7aa7216\" data-element_type=\"widget\" data-widget_type=\"text-editor.default\">\n\t\t\t\t<div class=\"elementor-widget-container\">\n\t\t\t\t\t\t\t\t\t<h2 style=\"text-align: center;\">Einige unsere Aktionen<\/h2>\t\t\t\t\t\t\t\t<\/div>\n\t\t\t\t<\/div>\n\t\t\t\t\t<\/div>\n\t\t<\/div>\n\t\t\t\t\t<\/div>\n\t\t<\/section>\n\t\t\t\t<section class=\"elementor-section elementor-top-section elementor-element elementor-element-63bba76 elementor-section-boxed elementor-section-height-default elementor-section-height-default\" data-id=\"63bba76\" data-element_type=\"section\" data-settings=\"{&quot;background_background&quot;:&quot;classic&quot;}\">\n\t\t\t\t\t\t<div class=\"elementor-container elementor-column-gap-default\">\n\t\t\t\t\t<div class=\"elementor-column elementor-col-100 elementor-top-column elementor-element elementor-element-57f500b\" data-id=\"57f500b\" data-element_type=\"column\">\n\t\t\t<div class=\"elementor-widget-wrap elementor-element-populated\">\n\t\t\t\t\t\t<div class=\"elementor-element elementor-element-9fd2803 elementor-widget elementor-widget-spacer\" data-id=\"9fd2803\" data-element_type=\"widget\" data-widget_type=\"spacer.default\">\n\t\t\t\t<div class=\"elementor-widget-container\">\n\t\t\t\t\t\t\t<div class=\"elementor-spacer\">\n\t\t\t<div class=\"elementor-spacer-inner\"><\/div>\n\t\t<\/div>\n\t\t\t\t\t\t<\/div>\n\t\t\t\t<\/div>\n\t\t\t\t\t<\/div>\n\t\t<\/div>\n\t\t\t\t\t<\/div>\n\t\t<\/section>\n\t\t\t\t<section class=\"elementor-section elementor-top-section elementor-element elementor-element-ea61551 elementor-section-boxed elementor-section-height-default elementor-section-height-default\" data-id=\"ea61551\" data-element_type=\"section\" data-settings=\"{&quot;background_background&quot;:&quot;classic&quot;}\">\n\t\t\t\t\t\t<div class=\"elementor-container elementor-column-gap-default\">\n\t\t\t\t\t<div class=\"elementor-column elementor-col-100 elementor-top-column elementor-element elementor-element-3559482\" data-id=\"3559482\" data-element_type=\"column\" data-settings=\"{&quot;background_background&quot;:&quot;classic&quot;}\">\n\t\t\t<div class=\"elementor-widget-wrap elementor-element-populated\">\n\t\t\t\t\t\t<div class=\"elementor-element elementor-element-7af50b9 elementor-widget elementor-widget-text-editor\" data-id=\"7af50b9\" data-element_type=\"widget\" data-widget_type=\"text-editor.default\">\n\t\t\t\t<div class=\"elementor-widget-container\">\n\t\t\t\t\t\t\t\t\t<h3 style=\"text-align: center;\"><strong>Der 12. Mai &#8211; Internationaler Tag der Pflege\u00a0<\/strong><strong><br \/><\/strong><\/h3>\t\t\t\t\t\t\t\t<\/div>\n\t\t\t\t<\/div>\n\t\t\t\t<div class=\"elementor-element elementor-element-7831b6a elementor-widget elementor-widget-image\" data-id=\"7831b6a\" data-element_type=\"widget\" data-widget_type=\"image.default\">\n\t\t\t\t<div class=\"elementor-widget-container\">\n\t\t\t\t\t\t\t\t\t\t\t\t\t\t\t<img loading=\"lazy\" decoding=\"async\" width=\"898\" height=\"300\" src=\"https:\/\/pflegebuendnis-nds.de\/wp-content\/uploads\/2021\/05\/tagderpflege_ha.jpg\" class=\"attachment-large size-large wp-image-3209\" alt=\"Tag der Pflege\" srcset=\"https:\/\/pflegebuendnis-nds.de\/wp-content\/uploads\/2021\/05\/tagderpflege_ha.jpg 898w, https:\/\/pflegebuendnis-nds.de\/wp-content\/uploads\/2021\/05\/tagderpflege_ha-300x100.jpg 300w, https:\/\/pflegebuendnis-nds.de\/wp-content\/uploads\/2021\/05\/tagderpflege_ha-768x257.jpg 768w\" sizes=\"(max-width: 898px) 100vw, 898px\" \/>\t\t\t\t\t\t\t\t\t\t\t\t\t\t\t<\/div>\n\t\t\t\t<\/div>\n\t\t\t\t<div class=\"elementor-element elementor-element-fb160c4 elementor-widget elementor-widget-text-editor\" data-id=\"fb160c4\" data-element_type=\"widget\" data-widget_type=\"text-editor.default\">\n\t\t\t\t<div class=\"elementor-widget-container\">\n\t\t\t\t\t\t\t\t\t<p>Wir haben uns am Kr\u00f6pcke in Hannover getroffen.<br \/>Das Pflegeb\u00fcndnis Hannover-Lehrte-Hildesheim, mit Besuch von Brigitte Horn, ver.di Sekret\u00e4rin. Hallo Niedersachsen hat gefilmt. Durch die gute Zusammenarbeit mit \u201eHallo Niedersachsen\u201c erreichen wir mit unseren Themen eine Vielzahl an Menschen, die wir \u201enur auf der Stra\u00dfe oder in den sozialen Medien\u201c nicht erreichen k\u00f6nnen.<strong><br \/><\/strong><\/p>\t\t\t\t\t\t\t\t<\/div>\n\t\t\t\t<\/div>\n\t\t\t\t\t<\/div>\n\t\t<\/div>\n\t\t\t\t\t<\/div>\n\t\t<\/section>\n\t\t\t\t<section class=\"elementor-section elementor-top-section elementor-element elementor-element-8b2e539 elementor-section-boxed elementor-section-height-default elementor-section-height-default\" data-id=\"8b2e539\" data-element_type=\"section\" data-settings=\"{&quot;background_background&quot;:&quot;classic&quot;}\">\n\t\t\t\t\t\t<div class=\"elementor-container elementor-column-gap-default\">\n\t\t\t\t\t<div class=\"elementor-column elementor-col-100 elementor-top-column elementor-element elementor-element-f23d636\" data-id=\"f23d636\" data-element_type=\"column\">\n\t\t\t<div class=\"elementor-widget-wrap elementor-element-populated\">\n\t\t\t\t\t\t<div class=\"elementor-element elementor-element-6770a67 elementor-widget elementor-widget-text-editor\" data-id=\"6770a67\" data-element_type=\"widget\" data-widget_type=\"text-editor.default\">\n\t\t\t\t<div class=\"elementor-widget-container\">\n\t\t\t\t\t\t\t\t\t<p><a href=\"https:\/\/pflegebuendnis-nds.de\/ha_le_hi_fotos\/\">Zu den Fotos vom 12.05.2021<\/a><\/p>\t\t\t\t\t\t\t\t<\/div>\n\t\t\t\t<\/div>\n\t\t\t\t\t<\/div>\n\t\t<\/div>\n\t\t\t\t\t<\/div>\n\t\t<\/section>\n\t\t\t\t<section class=\"elementor-section elementor-top-section elementor-element elementor-element-b2cdd63 elementor-section-boxed elementor-section-height-default elementor-section-height-default\" data-id=\"b2cdd63\" data-element_type=\"section\" data-settings=\"{&quot;background_background&quot;:&quot;classic&quot;}\">\n\t\t\t\t\t\t<div class=\"elementor-container elementor-column-gap-default\">\n\t\t\t\t\t<div class=\"elementor-column elementor-col-100 elementor-top-column elementor-element elementor-element-9f7cb4c\" data-id=\"9f7cb4c\" data-element_type=\"column\">\n\t\t\t<div class=\"elementor-widget-wrap elementor-element-populated\">\n\t\t\t\t\t\t<div class=\"elementor-element elementor-element-303bffe elementor-widget elementor-widget-spacer\" data-id=\"303bffe\" data-element_type=\"widget\" data-widget_type=\"spacer.default\">\n\t\t\t\t<div class=\"elementor-widget-container\">\n\t\t\t\t\t\t\t<div class=\"elementor-spacer\">\n\t\t\t<div class=\"elementor-spacer-inner\"><\/div>\n\t\t<\/div>\n\t\t\t\t\t\t<\/div>\n\t\t\t\t<\/div>\n\t\t\t\t\t<\/div>\n\t\t<\/div>\n\t\t\t\t\t<\/div>\n\t\t<\/section>\n\t\t\t\t<section class=\"elementor-section elementor-top-section elementor-element elementor-element-ba4fb1e elementor-section-boxed elementor-section-height-default elementor-section-height-default\" data-id=\"ba4fb1e\" data-element_type=\"section\" data-settings=\"{&quot;background_background&quot;:&quot;classic&quot;}\">\n\t\t\t\t\t\t<div class=\"elementor-container elementor-column-gap-default\">\n\t\t\t\t\t<div class=\"elementor-column elementor-col-100 elementor-top-column elementor-element elementor-element-9f6e076\" data-id=\"9f6e076\" data-element_type=\"column\">\n\t\t\t<div class=\"elementor-widget-wrap elementor-element-populated\">\n\t\t\t\t\t\t<div class=\"elementor-element elementor-element-551f659 elementor-widget elementor-widget-spacer\" data-id=\"551f659\" data-element_type=\"widget\" data-widget_type=\"spacer.default\">\n\t\t\t\t<div class=\"elementor-widget-container\">\n\t\t\t\t\t\t\t<div class=\"elementor-spacer\">\n\t\t\t<div class=\"elementor-spacer-inner\"><\/div>\n\t\t<\/div>\n\t\t\t\t\t\t<\/div>\n\t\t\t\t<\/div>\n\t\t\t\t<div class=\"elementor-element elementor-element-567d690 elementor-widget elementor-widget-text-editor\" data-id=\"567d690\" data-element_type=\"widget\" data-widget_type=\"text-editor.default\">\n\t\t\t\t<div class=\"elementor-widget-container\">\n\t\t\t\t\t\t\t\t\t<h3 style=\"text-align: center;\">Am 28. April 2021 wurde das Ende der Pflegekammer gesetzlich beschlossen.<\/h3>\t\t\t\t\t\t\t\t<\/div>\n\t\t\t\t<\/div>\n\t\t\t\t<div class=\"elementor-element elementor-element-383f64f elementor-widget elementor-widget-image\" data-id=\"383f64f\" data-element_type=\"widget\" data-widget_type=\"image.default\">\n\t\t\t\t<div class=\"elementor-widget-container\">\n\t\t\t\t\t\t\t\t\t\t\t\t\t\t\t\t<a href=\"https:\/\/pflegebuendnis-nds.de\/wp-content\/uploads\/2021\/04\/gr28042021.jpg\" target=\"_blank\">\n\t\t\t\t\t\t\t<img loading=\"lazy\" decoding=\"async\" width=\"898\" height=\"300\" src=\"https:\/\/pflegebuendnis-nds.de\/wp-content\/uploads\/2021\/04\/28042021.jpg\" class=\"attachment-large size-large wp-image-3100\" alt=\"Ende der Pflegekammer\" srcset=\"https:\/\/pflegebuendnis-nds.de\/wp-content\/uploads\/2021\/04\/28042021.jpg 898w, https:\/\/pflegebuendnis-nds.de\/wp-content\/uploads\/2021\/04\/28042021-300x100.jpg 300w, https:\/\/pflegebuendnis-nds.de\/wp-content\/uploads\/2021\/04\/28042021-768x257.jpg 768w\" sizes=\"(max-width: 898px) 100vw, 898px\" \/>\t\t\t\t\t\t\t\t<\/a>\n\t\t\t\t\t\t\t\t\t\t\t\t\t\t\t<\/div>\n\t\t\t\t<\/div>\n\t\t\t\t<div class=\"elementor-element elementor-element-78e9567 elementor-widget elementor-widget-text-editor\" data-id=\"78e9567\" data-element_type=\"widget\" data-widget_type=\"text-editor.default\">\n\t\t\t\t<div class=\"elementor-widget-container\">\n\t\t\t\t\t\t\t\t\t<p style=\"text-align: center;\"><br \/>\u2764 Ihr wart dabei \u2764<\/p><p style=\"text-align: center;\">Die Sitzung ist im Plenar-TV des Nieders\u00e4chsischer Landtag anzusehen.<\/p>\t\t\t\t\t\t\t\t<\/div>\n\t\t\t\t<\/div>\n\t\t\t\t\t<\/div>\n\t\t<\/div>\n\t\t\t\t\t<\/div>\n\t\t<\/section>\n\t\t\t\t<section class=\"elementor-section elementor-top-section elementor-element elementor-element-278c104 elementor-section-boxed elementor-section-height-default elementor-section-height-default\" data-id=\"278c104\" data-element_type=\"section\" data-settings=\"{&quot;background_background&quot;:&quot;classic&quot;}\">\n\t\t\t\t\t\t<div class=\"elementor-container elementor-column-gap-default\">\n\t\t\t\t\t<div class=\"elementor-column elementor-col-100 elementor-top-column elementor-element elementor-element-3f18fd8\" data-id=\"3f18fd8\" data-element_type=\"column\">\n\t\t\t<div class=\"elementor-widget-wrap elementor-element-populated\">\n\t\t\t\t\t\t<div class=\"elementor-element elementor-element-c42579b elementor-widget elementor-widget-spacer\" data-id=\"c42579b\" data-element_type=\"widget\" data-widget_type=\"spacer.default\">\n\t\t\t\t<div class=\"elementor-widget-container\">\n\t\t\t\t\t\t\t<div class=\"elementor-spacer\">\n\t\t\t<div class=\"elementor-spacer-inner\"><\/div>\n\t\t<\/div>\n\t\t\t\t\t\t<\/div>\n\t\t\t\t<\/div>\n\t\t\t\t\t<\/div>\n\t\t<\/div>\n\t\t\t\t\t<\/div>\n\t\t<\/section>\n\t\t\t\t<section class=\"elementor-section elementor-top-section elementor-element elementor-element-3438916 elementor-section-boxed elementor-section-height-default elementor-section-height-default\" data-id=\"3438916\" data-element_type=\"section\" data-settings=\"{&quot;background_background&quot;:&quot;classic&quot;}\">\n\t\t\t\t\t\t<div class=\"elementor-container elementor-column-gap-default\">\n\t\t\t\t\t<div class=\"elementor-column elementor-col-100 elementor-top-column elementor-element elementor-element-68ae1e5\" data-id=\"68ae1e5\" data-element_type=\"column\" data-settings=\"{&quot;background_background&quot;:&quot;classic&quot;}\">\n\t\t\t<div class=\"elementor-widget-wrap elementor-element-populated\">\n\t\t\t\t\t\t<div class=\"elementor-element elementor-element-cd58c72 elementor-widget elementor-widget-text-editor\" data-id=\"cd58c72\" data-element_type=\"widget\" data-widget_type=\"text-editor.default\">\n\t\t\t\t<div class=\"elementor-widget-container\">\n\t\t\t\t\t\t\t\t\t<p><strong>INFO zur \u00dcbergabe:<\/strong> <br \/>Wir haben uns am 22.04.2021 um 09:00 Uhr vor dem Nieders\u00e4chsisches Ministerium f\u00fcr Soziales, Gesundheit und Gleichstellung &#8211; Hannah-Arendt-Platz 2 getroffen.<\/p>\t\t\t\t\t\t\t\t<\/div>\n\t\t\t\t<\/div>\n\t\t\t\t\t<\/div>\n\t\t<\/div>\n\t\t\t\t\t<\/div>\n\t\t<\/section>\n\t\t\t\t<section class=\"elementor-section elementor-top-section elementor-element elementor-element-2ee2d9c elementor-section-boxed elementor-section-height-default elementor-section-height-default\" data-id=\"2ee2d9c\" data-element_type=\"section\" data-settings=\"{&quot;background_background&quot;:&quot;classic&quot;}\">\n\t\t\t\t\t\t<div class=\"elementor-container elementor-column-gap-default\">\n\t\t\t\t\t<div class=\"elementor-column elementor-col-100 elementor-top-column elementor-element elementor-element-bd3e98d\" data-id=\"bd3e98d\" data-element_type=\"column\">\n\t\t\t<div class=\"elementor-widget-wrap elementor-element-populated\">\n\t\t\t\t\t\t<div class=\"elementor-element elementor-element-066ee52 elementor-widget elementor-widget-text-editor\" data-id=\"066ee52\" data-element_type=\"widget\" data-widget_type=\"text-editor.default\">\n\t\t\t\t<div class=\"elementor-widget-container\">\n\t\t\t\t\t\t\t\t\t<p><a href=\"https:\/\/pflegebuendnis-nds.de\/ha_le_hi_fotos\/\">Zu den Fotos vom 22.04.2021<\/a><\/p>\t\t\t\t\t\t\t\t<\/div>\n\t\t\t\t<\/div>\n\t\t\t\t\t<\/div>\n\t\t<\/div>\n\t\t\t\t\t<\/div>\n\t\t<\/section>\n\t\t\t\t<section class=\"elementor-section elementor-top-section elementor-element elementor-element-596521d elementor-section-boxed elementor-section-height-default elementor-section-height-default\" data-id=\"596521d\" data-element_type=\"section\" data-settings=\"{&quot;background_background&quot;:&quot;classic&quot;}\">\n\t\t\t\t\t\t<div class=\"elementor-container elementor-column-gap-default\">\n\t\t\t\t\t<div class=\"elementor-column elementor-col-100 elementor-top-column elementor-element elementor-element-bd3c2a6\" data-id=\"bd3c2a6\" data-element_type=\"column\">\n\t\t\t<div class=\"elementor-widget-wrap elementor-element-populated\">\n\t\t\t\t\t\t<div class=\"elementor-element elementor-element-44e6e94 elementor-widget elementor-widget-spacer\" data-id=\"44e6e94\" data-element_type=\"widget\" data-widget_type=\"spacer.default\">\n\t\t\t\t<div class=\"elementor-widget-container\">\n\t\t\t\t\t\t\t<div class=\"elementor-spacer\">\n\t\t\t<div class=\"elementor-spacer-inner\"><\/div>\n\t\t<\/div>\n\t\t\t\t\t\t<\/div>\n\t\t\t\t<\/div>\n\t\t\t\t\t<\/div>\n\t\t<\/div>\n\t\t\t\t\t<\/div>\n\t\t<\/section>\n\t\t\t\t<section class=\"elementor-section elementor-top-section elementor-element elementor-element-f2d6640 elementor-section-boxed elementor-section-height-default elementor-section-height-default\" data-id=\"f2d6640\" data-element_type=\"section\" data-settings=\"{&quot;background_background&quot;:&quot;classic&quot;}\">\n\t\t\t\t\t\t<div class=\"elementor-container elementor-column-gap-default\">\n\t\t\t\t\t<div class=\"elementor-column elementor-col-100 elementor-top-column elementor-element elementor-element-03d2bba\" data-id=\"03d2bba\" data-element_type=\"column\">\n\t\t\t<div class=\"elementor-widget-wrap elementor-element-populated\">\n\t\t\t\t\t\t<div class=\"elementor-element elementor-element-ab6528b elementor-widget elementor-widget-text-editor\" data-id=\"ab6528b\" data-element_type=\"widget\" data-widget_type=\"text-editor.default\">\n\t\t\t\t<div class=\"elementor-widget-container\">\n\t\t\t\t\t\t\t\t\t<h2 style=\"text-align: center;\">Unsere Dateien<\/h2>\t\t\t\t\t\t\t\t<\/div>\n\t\t\t\t<\/div>\n\t\t\t\t\t<\/div>\n\t\t<\/div>\n\t\t\t\t\t<\/div>\n\t\t<\/section>\n\t\t\t\t<section class=\"elementor-section elementor-top-section elementor-element elementor-element-c661c07 elementor-section-boxed elementor-section-height-default elementor-section-height-default\" data-id=\"c661c07\" data-element_type=\"section\" data-settings=\"{&quot;background_background&quot;:&quot;classic&quot;}\">\n\t\t\t\t\t\t<div class=\"elementor-container elementor-column-gap-default\">\n\t\t\t\t\t<div class=\"elementor-column elementor-col-100 elementor-top-column elementor-element elementor-element-52638a8\" data-id=\"52638a8\" data-element_type=\"column\">\n\t\t\t<div class=\"elementor-widget-wrap elementor-element-populated\">\n\t\t\t\t\t\t<div class=\"elementor-element elementor-element-68de2ff elementor-widget elementor-widget-spacer\" data-id=\"68de2ff\" data-element_type=\"widget\" data-widget_type=\"spacer.default\">\n\t\t\t\t<div class=\"elementor-widget-container\">\n\t\t\t\t\t\t\t<div class=\"elementor-spacer\">\n\t\t\t<div class=\"elementor-spacer-inner\"><\/div>\n\t\t<\/div>\n\t\t\t\t\t\t<\/div>\n\t\t\t\t<\/div>\n\t\t\t\t\t<\/div>\n\t\t<\/div>\n\t\t\t\t\t<\/div>\n\t\t<\/section>\n\t\t\t\t<section class=\"elementor-section elementor-top-section elementor-element elementor-element-5bf7235 elementor-section-boxed elementor-section-height-default elementor-section-height-default\" data-id=\"5bf7235\" data-element_type=\"section\" data-settings=\"{&quot;background_background&quot;:&quot;classic&quot;}\">\n\t\t\t\t\t\t<div class=\"elementor-container elementor-column-gap-default\">\n\t\t\t\t\t<div class=\"elementor-column elementor-col-100 elementor-top-column elementor-element elementor-element-2b4cf3a\" data-id=\"2b4cf3a\" data-element_type=\"column\">\n\t\t\t<div class=\"elementor-widget-wrap elementor-element-populated\">\n\t\t\t\t\t\t<div class=\"elementor-element elementor-element-d11199b elementor-widget elementor-widget-text-editor\" data-id=\"d11199b\" data-element_type=\"widget\" data-widget_type=\"text-editor.default\">\n\t\t\t\t<div class=\"elementor-widget-container\">\n\t\t\t\t\t\t\t\t\t<p>Hier sind die verschiedenen Variationen f\u00fcr Donnerstag<\/p>\t\t\t\t\t\t\t\t<\/div>\n\t\t\t\t<\/div>\n\t\t\t\t\t<\/div>\n\t\t<\/div>\n\t\t\t\t\t<\/div>\n\t\t<\/section>\n\t\t\t\t<section class=\"elementor-section elementor-top-section elementor-element elementor-element-84dea81 elementor-section-boxed elementor-section-height-default elementor-section-height-default\" data-id=\"84dea81\" data-element_type=\"section\" data-settings=\"{&quot;background_background&quot;:&quot;classic&quot;}\">\n\t\t\t\t\t\t<div class=\"elementor-container elementor-column-gap-default\">\n\t\t\t\t\t<div class=\"elementor-column elementor-col-25 elementor-top-column elementor-element elementor-element-f2d25ef\" data-id=\"f2d25ef\" data-element_type=\"column\">\n\t\t\t<div class=\"elementor-widget-wrap elementor-element-populated\">\n\t\t\t\t\t\t<div class=\"elementor-element elementor-element-21f43ea elementor-widget elementor-widget-image\" data-id=\"21f43ea\" data-element_type=\"widget\" data-widget_type=\"image.default\">\n\t\t\t\t<div class=\"elementor-widget-container\">\n\t\t\t\t\t\t\t\t\t\t\t\t\t\t\t\t<a href=\"https:\/\/pflegebuendnis-nds.de\/wp-content\/uploads\/2021\/04\/kl_quer_halehi..jpg\" data-elementor-open-lightbox=\"yes\" data-elementor-lightbox-title=\"kl_quer_halehi.\" data-e-action-hash=\"#elementor-action%3Aaction%3Dlightbox%26settings%3DeyJpZCI6MjgzMywidXJsIjoiaHR0cHM6XC9cL3BmbGVnZWJ1ZW5kbmlzLW5kcy5kZVwvd3AtY29udGVudFwvdXBsb2Fkc1wvMjAyMVwvMDRcL2tsX3F1ZXJfaGFsZWhpLi5qcGcifQ%3D%3D\">\n\t\t\t\t\t\t\t<img loading=\"lazy\" decoding=\"async\" width=\"600\" height=\"424\" src=\"https:\/\/pflegebuendnis-nds.de\/wp-content\/uploads\/2021\/04\/kl_quer_halehi..jpg\" class=\"attachment-large size-large wp-image-2833\" alt=\"pfb-ha-le-hi\" srcset=\"https:\/\/pflegebuendnis-nds.de\/wp-content\/uploads\/2021\/04\/kl_quer_halehi..jpg 600w, https:\/\/pflegebuendnis-nds.de\/wp-content\/uploads\/2021\/04\/kl_quer_halehi.-300x212.jpg 300w\" sizes=\"(max-width: 600px) 100vw, 600px\" \/>\t\t\t\t\t\t\t\t<\/a>\n\t\t\t\t\t\t\t\t\t\t\t\t\t\t\t<\/div>\n\t\t\t\t<\/div>\n\t\t\t\t<div class=\"elementor-element elementor-element-a14a264 elementor-widget elementor-widget-text-editor\" data-id=\"a14a264\" data-element_type=\"widget\" data-widget_type=\"text-editor.default\">\n\t\t\t\t<div class=\"elementor-widget-container\">\n\t\t\t\t\t\t\t\t\t<p style=\"text-align: center;\">pflegeaufstand hannover-lehrte-hildesheim<br \/>version 1 &#8211; quer<\/p>\t\t\t\t\t\t\t\t<\/div>\n\t\t\t\t<\/div>\n\t\t\t\t<div class=\"elementor-element elementor-element-70ec0f9 elementor-widget elementor-widget-text-editor\" data-id=\"70ec0f9\" data-element_type=\"widget\" data-widget_type=\"text-editor.default\">\n\t\t\t\t<div class=\"elementor-widget-container\">\n\t\t\t\t\t\t\t\t\t<p style=\"text-align: center;\"><a href=\"https:\/\/pflegebuendnis-nds.de\/wp-content\/uploads\/2021\/04\/quer_halehi.pdf\" target=\"_blank\" rel=\"noopener\">Download als pdf-Datei<\/a><\/p><p style=\"text-align: center;\"><a href=\"https:\/\/pflegebuendnis-nds.de\/wp-content\/uploads\/2021\/04\/quer_halehi..jpg\" target=\"_blank\" rel=\"noopener\">Download als jpg-Datei<\/a><\/p>\t\t\t\t\t\t\t\t<\/div>\n\t\t\t\t<\/div>\n\t\t\t\t\t<\/div>\n\t\t<\/div>\n\t\t\t\t<div class=\"elementor-column elementor-col-25 elementor-top-column elementor-element elementor-element-9fdcf64\" data-id=\"9fdcf64\" data-element_type=\"column\">\n\t\t\t<div class=\"elementor-widget-wrap elementor-element-populated\">\n\t\t\t\t\t\t<div class=\"elementor-element elementor-element-1eb6a71 elementor-widget elementor-widget-image\" data-id=\"1eb6a71\" data-element_type=\"widget\" data-widget_type=\"image.default\">\n\t\t\t\t<div class=\"elementor-widget-container\">\n\t\t\t\t\t\t\t\t\t\t\t\t\t\t\t\t<a href=\"https:\/\/pflegebuendnis-nds.de\/wp-content\/uploads\/2021\/04\/kl_hoch_gelb_halehi..jpg\" data-elementor-open-lightbox=\"yes\" data-elementor-lightbox-title=\"kl_hoch_gelb_halehi.\" data-e-action-hash=\"#elementor-action%3Aaction%3Dlightbox%26settings%3DeyJpZCI6Mjg0NywidXJsIjoiaHR0cHM6XC9cL3BmbGVnZWJ1ZW5kbmlzLW5kcy5kZVwvd3AtY29udGVudFwvdXBsb2Fkc1wvMjAyMVwvMDRcL2tsX2hvY2hfZ2VsYl9oYWxlaGkuLmpwZyJ9\">\n\t\t\t\t\t\t\t<img loading=\"lazy\" decoding=\"async\" width=\"424\" height=\"600\" src=\"https:\/\/pflegebuendnis-nds.de\/wp-content\/uploads\/2021\/04\/kl_hoch_gelb_halehi..jpg\" class=\"attachment-large size-large wp-image-2847\" alt=\"\" srcset=\"https:\/\/pflegebuendnis-nds.de\/wp-content\/uploads\/2021\/04\/kl_hoch_gelb_halehi..jpg 424w, https:\/\/pflegebuendnis-nds.de\/wp-content\/uploads\/2021\/04\/kl_hoch_gelb_halehi.-212x300.jpg 212w\" sizes=\"(max-width: 424px) 100vw, 424px\" \/>\t\t\t\t\t\t\t\t<\/a>\n\t\t\t\t\t\t\t\t\t\t\t\t\t\t\t<\/div>\n\t\t\t\t<\/div>\n\t\t\t\t<div class=\"elementor-element elementor-element-08aae99 elementor-widget elementor-widget-text-editor\" data-id=\"08aae99\" data-element_type=\"widget\" data-widget_type=\"text-editor.default\">\n\t\t\t\t<div class=\"elementor-widget-container\">\n\t\t\t\t\t\t\t\t\t<p style=\"text-align: center;\">pflegeaufstand hannover-lehrte-hildesheim<br \/>version 2 &#8211; gelb<\/p>\t\t\t\t\t\t\t\t<\/div>\n\t\t\t\t<\/div>\n\t\t\t\t<div class=\"elementor-element elementor-element-b12ac40 elementor-widget elementor-widget-text-editor\" data-id=\"b12ac40\" data-element_type=\"widget\" data-widget_type=\"text-editor.default\">\n\t\t\t\t<div class=\"elementor-widget-container\">\n\t\t\t\t\t\t\t\t\t<p style=\"text-align: center;\"><a href=\"https:\/\/pflegebuendnis-nds.de\/wp-content\/uploads\/2021\/04\/hoch_gelb_halehi-1.pdf\" target=\"_blank\" rel=\"noopener\">Download als pdf-Datei<\/a><\/p><p style=\"text-align: center;\"><a href=\"https:\/\/pflegebuendnis-nds.de\/wp-content\/uploads\/2021\/04\/hoch_gelb_halehi..jpg\" target=\"_blank\" rel=\"noopener\">Download als jpg-Datei<\/a><\/p>\t\t\t\t\t\t\t\t<\/div>\n\t\t\t\t<\/div>\n\t\t\t\t\t<\/div>\n\t\t<\/div>\n\t\t\t\t<div class=\"elementor-column elementor-col-25 elementor-top-column elementor-element elementor-element-05d2918\" data-id=\"05d2918\" data-element_type=\"column\">\n\t\t\t<div class=\"elementor-widget-wrap elementor-element-populated\">\n\t\t\t\t\t\t<div class=\"elementor-element elementor-element-971c3d0 elementor-widget elementor-widget-image\" data-id=\"971c3d0\" data-element_type=\"widget\" data-widget_type=\"image.default\">\n\t\t\t\t<div class=\"elementor-widget-container\">\n\t\t\t\t\t\t\t\t\t\t\t\t\t\t\t\t<a href=\"https:\/\/pflegebuendnis-nds.de\/wp-content\/uploads\/2021\/04\/kl_gruen_haube_verschleiss..jpg\" data-elementor-open-lightbox=\"yes\" data-elementor-lightbox-title=\"kl_gruen_haube_verschleiss.\" data-e-action-hash=\"#elementor-action%3Aaction%3Dlightbox%26settings%3DeyJpZCI6Mjg1NCwidXJsIjoiaHR0cHM6XC9cL3BmbGVnZWJ1ZW5kbmlzLW5kcy5kZVwvd3AtY29udGVudFwvdXBsb2Fkc1wvMjAyMVwvMDRcL2tsX2dydWVuX2hhdWJlX3ZlcnNjaGxlaXNzLi5qcGcifQ%3D%3D\">\n\t\t\t\t\t\t\t<img loading=\"lazy\" decoding=\"async\" width=\"423\" height=\"600\" src=\"https:\/\/pflegebuendnis-nds.de\/wp-content\/uploads\/2021\/04\/kl_gruen_haube_verschleiss..jpg\" class=\"attachment-large size-large wp-image-2854\" alt=\"kl_gruen_haube_verschleiss\" srcset=\"https:\/\/pflegebuendnis-nds.de\/wp-content\/uploads\/2021\/04\/kl_gruen_haube_verschleiss..jpg 423w, https:\/\/pflegebuendnis-nds.de\/wp-content\/uploads\/2021\/04\/kl_gruen_haube_verschleiss.-212x300.jpg 212w\" sizes=\"(max-width: 423px) 100vw, 423px\" \/>\t\t\t\t\t\t\t\t<\/a>\n\t\t\t\t\t\t\t\t\t\t\t\t\t\t\t<\/div>\n\t\t\t\t<\/div>\n\t\t\t\t<div class=\"elementor-element elementor-element-5c1e7b7 elementor-widget elementor-widget-text-editor\" data-id=\"5c1e7b7\" data-element_type=\"widget\" data-widget_type=\"text-editor.default\">\n\t\t\t\t<div class=\"elementor-widget-container\">\n\t\t\t\t\t\t\t\t\t<p style=\"text-align: center;\">&#8222;pflege wird auf verschlei\u00df gebaut&#8220;<br \/>version 1<\/p>\t\t\t\t\t\t\t\t<\/div>\n\t\t\t\t<\/div>\n\t\t\t\t<div class=\"elementor-element elementor-element-5082c8f elementor-widget elementor-widget-text-editor\" data-id=\"5082c8f\" data-element_type=\"widget\" data-widget_type=\"text-editor.default\">\n\t\t\t\t<div class=\"elementor-widget-container\">\n\t\t\t\t\t\t\t\t\t<p style=\"text-align: center;\"><a href=\"https:\/\/pflegebuendnis-nds.de\/wp-content\/uploads\/2021\/04\/gruen_haube_verschleiss.pdf\" target=\"_blank\" rel=\"noopener\">Download als pdf-Datei<\/a><\/p><p style=\"text-align: center;\"><a href=\"https:\/\/pflegebuendnis-nds.de\/wp-content\/uploads\/2021\/04\/gruen_haube_verschleiss..jpg\" target=\"_blank\" rel=\"noopener\">Download als jpg-Datei<\/a><\/p>\t\t\t\t\t\t\t\t<\/div>\n\t\t\t\t<\/div>\n\t\t\t\t\t<\/div>\n\t\t<\/div>\n\t\t\t\t<div class=\"elementor-column elementor-col-25 elementor-top-column elementor-element elementor-element-bb61e81\" data-id=\"bb61e81\" data-element_type=\"column\">\n\t\t\t<div class=\"elementor-widget-wrap elementor-element-populated\">\n\t\t\t\t\t\t<div class=\"elementor-element elementor-element-93394ae elementor-widget elementor-widget-image\" data-id=\"93394ae\" data-element_type=\"widget\" data-widget_type=\"image.default\">\n\t\t\t\t<div class=\"elementor-widget-container\">\n\t\t\t\t\t\t\t\t\t\t\t\t\t\t\t\t<a href=\"https:\/\/pflegebuendnis-nds.de\/wp-content\/uploads\/2021\/04\/kl_weiss_verschleiss.-1.jpg\" data-elementor-open-lightbox=\"yes\" data-elementor-lightbox-title=\"kl_weiss_verschleiss.\" data-e-action-hash=\"#elementor-action%3Aaction%3Dlightbox%26settings%3DeyJpZCI6MjkwMywidXJsIjoiaHR0cHM6XC9cL3BmbGVnZWJ1ZW5kbmlzLW5kcy5kZVwvd3AtY29udGVudFwvdXBsb2Fkc1wvMjAyMVwvMDRcL2tsX3dlaXNzX3ZlcnNjaGxlaXNzLi0xLmpwZyJ9\">\n\t\t\t\t\t\t\t<img loading=\"lazy\" decoding=\"async\" width=\"423\" height=\"600\" src=\"https:\/\/pflegebuendnis-nds.de\/wp-content\/uploads\/2021\/04\/kl_weiss_verschleiss.-1.jpg\" class=\"attachment-large size-large wp-image-2903\" alt=\"kl_weiss_verschleiss\" srcset=\"https:\/\/pflegebuendnis-nds.de\/wp-content\/uploads\/2021\/04\/kl_weiss_verschleiss.-1.jpg 423w, https:\/\/pflegebuendnis-nds.de\/wp-content\/uploads\/2021\/04\/kl_weiss_verschleiss.-1-212x300.jpg 212w\" sizes=\"(max-width: 423px) 100vw, 423px\" \/>\t\t\t\t\t\t\t\t<\/a>\n\t\t\t\t\t\t\t\t\t\t\t\t\t\t\t<\/div>\n\t\t\t\t<\/div>\n\t\t\t\t<div class=\"elementor-element elementor-element-4e12bf1 elementor-widget elementor-widget-text-editor\" data-id=\"4e12bf1\" data-element_type=\"widget\" data-widget_type=\"text-editor.default\">\n\t\t\t\t<div class=\"elementor-widget-container\">\n\t\t\t\t\t\t\t\t\t<p style=\"text-align: center;\">&#8222;pflege wird auf verschlei\u00df gebaut&#8220;<br \/>version 3<\/p>\t\t\t\t\t\t\t\t<\/div>\n\t\t\t\t<\/div>\n\t\t\t\t<div class=\"elementor-element elementor-element-31f735d elementor-widget elementor-widget-text-editor\" data-id=\"31f735d\" data-element_type=\"widget\" data-widget_type=\"text-editor.default\">\n\t\t\t\t<div class=\"elementor-widget-container\">\n\t\t\t\t\t\t\t\t\t<p style=\"text-align: center;\"><a href=\"https:\/\/pflegebuendnis-nds.de\/wp-content\/uploads\/2021\/04\/weiss_verschleiss.pdf\" target=\"_blank\" rel=\"noopener\">Download als pdf-Datei<\/a><\/p><p style=\"text-align: center;\"><a href=\"https:\/\/pflegebuendnis-nds.de\/wp-content\/uploads\/2021\/04\/weiss_verschleiss..jpg\" target=\"_blank\" rel=\"noopener\">Download als jpg-Datei<\/a><\/p>\t\t\t\t\t\t\t\t<\/div>\n\t\t\t\t<\/div>\n\t\t\t\t\t<\/div>\n\t\t<\/div>\n\t\t\t\t\t<\/div>\n\t\t<\/section>\n\t\t\t\t<section class=\"elementor-section elementor-top-section elementor-element elementor-element-7a543f3 elementor-section-boxed elementor-section-height-default elementor-section-height-default\" data-id=\"7a543f3\" data-element_type=\"section\" data-settings=\"{&quot;background_background&quot;:&quot;classic&quot;}\">\n\t\t\t\t\t\t<div class=\"elementor-container elementor-column-gap-default\">\n\t\t\t\t\t\t<\/div>\n\t\t<\/section>\n\t\t\t\t<section class=\"elementor-section elementor-top-section elementor-element elementor-element-31a3eaa elementor-section-boxed elementor-section-height-default elementor-section-height-default\" data-id=\"31a3eaa\" data-element_type=\"section\" data-settings=\"{&quot;background_background&quot;:&quot;classic&quot;}\">\n\t\t\t\t\t\t<div class=\"elementor-container elementor-column-gap-default\">\n\t\t\t\t\t<div class=\"elementor-column elementor-col-100 elementor-top-column elementor-element elementor-element-338f78c\" data-id=\"338f78c\" data-element_type=\"column\">\n\t\t\t<div class=\"elementor-widget-wrap elementor-element-populated\">\n\t\t\t\t\t\t<div class=\"elementor-element elementor-element-771035a elementor-widget elementor-widget-spacer\" data-id=\"771035a\" data-element_type=\"widget\" data-widget_type=\"spacer.default\">\n\t\t\t\t<div class=\"elementor-widget-container\">\n\t\t\t\t\t\t\t<div class=\"elementor-spacer\">\n\t\t\t<div class=\"elementor-spacer-inner\"><\/div>\n\t\t<\/div>\n\t\t\t\t\t\t<\/div>\n\t\t\t\t<\/div>\n\t\t\t\t\t<\/div>\n\t\t<\/div>\n\t\t\t\t\t<\/div>\n\t\t<\/section>\n\t\t\t\t<section class=\"elementor-section elementor-top-section elementor-element elementor-element-8f52f73 elementor-section-boxed elementor-section-height-default elementor-section-height-default\" data-id=\"8f52f73\" data-element_type=\"section\" data-settings=\"{&quot;background_background&quot;:&quot;classic&quot;}\">\n\t\t\t\t\t\t<div class=\"elementor-container elementor-column-gap-default\">\n\t\t\t\t\t<div class=\"elementor-column elementor-col-100 elementor-top-column elementor-element elementor-element-0070835\" data-id=\"0070835\" data-element_type=\"column\">\n\t\t\t<div class=\"elementor-widget-wrap elementor-element-populated\">\n\t\t\t\t\t\t<div class=\"elementor-element elementor-element-f0e0c1e elementor-widget elementor-widget-text-editor\" data-id=\"f0e0c1e\" data-element_type=\"widget\" data-widget_type=\"text-editor.default\">\n\t\t\t\t<div class=\"elementor-widget-container\">\n\t\t\t\t\t\t\t\t\t<p style=\"text-align: center;\">Hier die etwas \u00e4lteren Dateien vom Februar\/M\u00e4rz 2021<\/p>\t\t\t\t\t\t\t\t<\/div>\n\t\t\t\t<\/div>\n\t\t\t\t\t<\/div>\n\t\t<\/div>\n\t\t\t\t\t<\/div>\n\t\t<\/section>\n\t\t\t\t<section class=\"elementor-section elementor-top-section elementor-element elementor-element-50637a0 elementor-section-boxed elementor-section-height-default elementor-section-height-default\" data-id=\"50637a0\" data-element_type=\"section\" data-settings=\"{&quot;background_background&quot;:&quot;classic&quot;}\">\n\t\t\t\t\t\t<div class=\"elementor-container elementor-column-gap-default\">\n\t\t\t\t\t<div class=\"elementor-column elementor-col-100 elementor-top-column elementor-element elementor-element-adb73b1\" data-id=\"adb73b1\" data-element_type=\"column\">\n\t\t\t<div class=\"elementor-widget-wrap elementor-element-populated\">\n\t\t\t\t\t\t<div class=\"elementor-element elementor-element-4bc3d65 elementor-widget elementor-widget-image\" data-id=\"4bc3d65\" data-element_type=\"widget\" data-widget_type=\"image.default\">\n\t\t\t\t<div class=\"elementor-widget-container\">\n\t\t\t\t\t\t\t\t\t\t\t\t\t\t\t\t<a href=\"https:\/\/pflegebuendnis-nds.de\/wp-content\/uploads\/2021\/04\/forderungen.jpg\" data-elementor-open-lightbox=\"yes\" data-elementor-lightbox-title=\"forderungen\" data-e-action-hash=\"#elementor-action%3Aaction%3Dlightbox%26settings%3DeyJpZCI6MjkzMSwidXJsIjoiaHR0cHM6XC9cL3BmbGVnZWJ1ZW5kbmlzLW5kcy5kZVwvd3AtY29udGVudFwvdXBsb2Fkc1wvMjAyMVwvMDRcL2ZvcmRlcnVuZ2VuLmpwZyJ9\">\n\t\t\t\t\t\t\t<img loading=\"lazy\" decoding=\"async\" width=\"300\" height=\"211\" src=\"https:\/\/pflegebuendnis-nds.de\/wp-content\/uploads\/2021\/04\/forderungen-300x211.jpg\" class=\"attachment-medium size-medium wp-image-2931\" alt=\"\" srcset=\"https:\/\/pflegebuendnis-nds.de\/wp-content\/uploads\/2021\/04\/forderungen-300x211.jpg 300w, https:\/\/pflegebuendnis-nds.de\/wp-content\/uploads\/2021\/04\/forderungen-768x539.jpg 768w, https:\/\/pflegebuendnis-nds.de\/wp-content\/uploads\/2021\/04\/forderungen.jpg 1000w\" sizes=\"(max-width: 300px) 100vw, 300px\" \/>\t\t\t\t\t\t\t\t<\/a>\n\t\t\t\t\t\t\t\t\t\t\t\t\t\t\t<\/div>\n\t\t\t\t<\/div>\n\t\t\t\t<div class=\"elementor-element elementor-element-4fbd328 elementor-widget elementor-widget-text-editor\" data-id=\"4fbd328\" data-element_type=\"widget\" data-widget_type=\"text-editor.default\">\n\t\t\t\t<div class=\"elementor-widget-container\">\n\t\t\t\t\t\t\t\t\t<p style=\"text-align: center;\">Unsere Forderungen &#8230; <a href=\"https:\/\/pflegebuendnis-nds.de\/wp-content\/uploads\/2021\/04\/AlleForderungen.pdf\" target=\"_blank\" rel=\"noopener\">Download als pdf-Datei<\/a><\/p>\t\t\t\t\t\t\t\t<\/div>\n\t\t\t\t<\/div>\n\t\t\t\t\t<\/div>\n\t\t<\/div>\n\t\t\t\t<div class=\"elementor-column elementor-col-100 elementor-top-column elementor-element elementor-element-d87ad24\" data-id=\"d87ad24\" data-element_type=\"column\">\n\t\t\t<div class=\"elementor-widget-wrap elementor-element-populated\">\n\t\t\t\t\t\t<div class=\"elementor-element elementor-element-6355053 elementor-widget elementor-widget-image\" data-id=\"6355053\" data-element_type=\"widget\" data-widget_type=\"image.default\">\n\t\t\t\t<div class=\"elementor-widget-container\">\n\t\t\t\t\t\t\t\t\t\t\t\t\t\t\t\t<a href=\"https:\/\/pflegebuendnis-nds.de\/wp-content\/uploads\/2021\/04\/falltblatt.jpg\" data-elementor-open-lightbox=\"yes\" data-elementor-lightbox-title=\"falltblatt\" data-e-action-hash=\"#elementor-action%3Aaction%3Dlightbox%26settings%3DeyJpZCI6MjkzMiwidXJsIjoiaHR0cHM6XC9cL3BmbGVnZWJ1ZW5kbmlzLW5kcy5kZVwvd3AtY29udGVudFwvdXBsb2Fkc1wvMjAyMVwvMDRcL2ZhbGx0YmxhdHQuanBnIn0%3D\">\n\t\t\t\t\t\t\t<img loading=\"lazy\" decoding=\"async\" width=\"211\" height=\"300\" src=\"https:\/\/pflegebuendnis-nds.de\/wp-content\/uploads\/2021\/04\/falltblatt-211x300.jpg\" class=\"attachment-medium size-medium wp-image-2932\" alt=\"Unser Faltblatt\" srcset=\"https:\/\/pflegebuendnis-nds.de\/wp-content\/uploads\/2021\/04\/falltblatt-211x300.jpg 211w, https:\/\/pflegebuendnis-nds.de\/wp-content\/uploads\/2021\/04\/falltblatt.jpg 702w\" sizes=\"(max-width: 211px) 100vw, 211px\" \/>\t\t\t\t\t\t\t\t<\/a>\n\t\t\t\t\t\t\t\t\t\t\t\t\t\t\t<\/div>\n\t\t\t\t<\/div>\n\t\t\t\t<div class=\"elementor-element elementor-element-c8d91d7 elementor-widget elementor-widget-text-editor\" data-id=\"c8d91d7\" data-element_type=\"widget\" data-widget_type=\"text-editor.default\">\n\t\t\t\t<div class=\"elementor-widget-container\">\n\t\t\t\t\t\t\t\t\t<p style=\"text-align: center;\">Unser Faltblatt zum 16.12.2020 &#8230; <a href=\"https:\/\/pflegebuendnis-nds.de\/wp-content\/uploads\/2021\/04\/Pfleger_sind_keine_Opfer_Forderungen.pdf\" target=\"_blank\" rel=\"noopener\">Download als pdf-Datei<\/a><br \/>(Achtung, lange Ladezeit &#8211; Datei ist \u00fcber 7 Mb)<\/p>\t\t\t\t\t\t\t\t<\/div>\n\t\t\t\t<\/div>\n\t\t\t\t\t<\/div>\n\t\t<\/div>\n\t\t\t\t\t<\/div>\n\t\t<\/section>\n\t\t\t\t<section class=\"elementor-section elementor-top-section elementor-element elementor-element-db8e1be elementor-section-boxed elementor-section-height-default elementor-section-height-default\" data-id=\"db8e1be\" data-element_type=\"section\" data-settings=\"{&quot;background_background&quot;:&quot;classic&quot;}\">\n\t\t\t\t\t\t<div class=\"elementor-container elementor-column-gap-default\">\n\t\t\t\t\t<div class=\"elementor-column elementor-col-100 elementor-top-column elementor-element elementor-element-d975172\" data-id=\"d975172\" data-element_type=\"column\">\n\t\t\t<div class=\"elementor-widget-wrap elementor-element-populated\">\n\t\t\t\t\t\t<div class=\"elementor-element elementor-element-b8ed3f7 elementor-widget elementor-widget-spacer\" data-id=\"b8ed3f7\" data-element_type=\"widget\" data-widget_type=\"spacer.default\">\n\t\t\t\t<div class=\"elementor-widget-container\">\n\t\t\t\t\t\t\t<div class=\"elementor-spacer\">\n\t\t\t<div class=\"elementor-spacer-inner\"><\/div>\n\t\t<\/div>\n\t\t\t\t\t\t<\/div>\n\t\t\t\t<\/div>\n\t\t\t\t\t<\/div>\n\t\t<\/div>\n\t\t\t\t\t<\/div>\n\t\t<\/section>\n\t\t\t\t<section class=\"elementor-section elementor-top-section elementor-element elementor-element-ecdf2ae elementor-section-boxed elementor-section-height-default elementor-section-height-default\" data-id=\"ecdf2ae\" data-element_type=\"section\" data-settings=\"{&quot;background_background&quot;:&quot;classic&quot;}\">\n\t\t\t\t\t\t<div class=\"elementor-container elementor-column-gap-default\">\n\t\t\t\t\t\t<\/div>\n\t\t<\/section>\n\t\t\t\t<section class=\"elementor-section elementor-top-section elementor-element elementor-element-0053997 elementor-section-boxed elementor-section-height-default elementor-section-height-default\" data-id=\"0053997\" data-element_type=\"section\" data-settings=\"{&quot;background_background&quot;:&quot;classic&quot;}\">\n\t\t\t\t\t\t<div class=\"elementor-container elementor-column-gap-default\">\n\t\t\t\t\t<div class=\"elementor-column elementor-col-100 elementor-top-column elementor-element elementor-element-4c1f2b2\" data-id=\"4c1f2b2\" data-element_type=\"column\">\n\t\t\t<div class=\"elementor-widget-wrap elementor-element-populated\">\n\t\t\t\t\t\t<div class=\"elementor-element elementor-element-ff08c76 elementor-widget elementor-widget-spacer\" data-id=\"ff08c76\" data-element_type=\"widget\" data-widget_type=\"spacer.default\">\n\t\t\t\t<div class=\"elementor-widget-container\">\n\t\t\t\t\t\t\t<div class=\"elementor-spacer\">\n\t\t\t<div class=\"elementor-spacer-inner\"><\/div>\n\t\t<\/div>\n\t\t\t\t\t\t<\/div>\n\t\t\t\t<\/div>\n\t\t\t\t\t<\/div>\n\t\t<\/div>\n\t\t\t\t\t<\/div>\n\t\t<\/section>\n\t\t\t\t<section class=\"elementor-section elementor-top-section elementor-element elementor-element-5117f88 elementor-section-boxed elementor-section-height-default elementor-section-height-default\" data-id=\"5117f88\" data-element_type=\"section\" data-settings=\"{&quot;background_background&quot;:&quot;classic&quot;}\">\n\t\t\t\t\t\t<div class=\"elementor-container elementor-column-gap-default\">\n\t\t\t\t\t<div class=\"elementor-column elementor-col-100 elementor-top-column elementor-element elementor-element-fad0df8\" data-id=\"fad0df8\" data-element_type=\"column\">\n\t\t\t<div class=\"elementor-widget-wrap elementor-element-populated\">\n\t\t\t\t\t\t<div class=\"elementor-element elementor-element-35b1a16 elementor-widget elementor-widget-text-editor\" data-id=\"35b1a16\" data-element_type=\"widget\" data-widget_type=\"text-editor.default\">\n\t\t\t\t<div class=\"elementor-widget-container\">\n\t\t\t\t\t\t\t\t\t<p style=\"text-align: right;\">LG\u00a0 \ud83d\ude09<\/p>\t\t\t\t\t\t\t\t<\/div>\n\t\t\t\t<\/div>\n\t\t\t\t<div class=\"elementor-element elementor-element-a4fde9b elementor-widget elementor-widget-text-editor\" data-id=\"a4fde9b\" data-element_type=\"widget\" data-widget_type=\"text-editor.default\">\n\t\t\t\t<div class=\"elementor-widget-container\">\n\t\t\t\t\t\t\t\t\t<p style=\"text-align: right;\"><a href=\"https:\/\/pflegebuendnis-nds.de\/\">Zur\u00fcck zum Pflegeb\u00fcndnis Niedersachsen<\/a><\/p>\t\t\t\t\t\t\t\t<\/div>\n\t\t\t\t<\/div>\n\t\t\t\t\t<\/div>\n\t\t<\/div>\n\t\t\t\t\t<\/div>\n\t\t<\/section>\n\t\t\t\t<section class=\"elementor-section elementor-top-section elementor-element elementor-element-2d4bfeb elementor-section-boxed elementor-section-height-default elementor-section-height-default\" data-id=\"2d4bfeb\" data-element_type=\"section\" data-settings=\"{&quot;background_background&quot;:&quot;classic&quot;}\">\n\t\t\t\t\t\t<div class=\"elementor-container elementor-column-gap-default\">\n\t\t\t\t\t<div class=\"elementor-column elementor-col-100 elementor-top-column elementor-element elementor-element-ce665d9\" data-id=\"ce665d9\" data-element_type=\"column\">\n\t\t\t<div class=\"elementor-widget-wrap elementor-element-populated\">\n\t\t\t\t\t\t<div class=\"elementor-element elementor-element-8928a9c elementor-widget elementor-widget-spacer\" data-id=\"8928a9c\" data-element_type=\"widget\" data-widget_type=\"spacer.default\">\n\t\t\t\t<div class=\"elementor-widget-container\">\n\t\t\t\t\t\t\t<div class=\"elementor-spacer\">\n\t\t\t<div class=\"elementor-spacer-inner\"><\/div>\n\t\t<\/div>\n\t\t\t\t\t\t<\/div>\n\t\t\t\t<\/div>\n\t\t\t\t\t<\/div>\n\t\t<\/div>\n\t\t\t\t\t<\/div>\n\t\t<\/section>\n\t\t\t\t<section class=\"elementor-section elementor-top-section elementor-element elementor-element-91207bc elementor-section-boxed elementor-section-height-default elementor-section-height-default\" data-id=\"91207bc\" data-element_type=\"section\" data-settings=\"{&quot;background_background&quot;:&quot;classic&quot;}\">\n\t\t\t\t\t\t\t<div class=\"elementor-background-overlay\"><\/div>\n\t\t\t\t\t\t\t<div class=\"elementor-container elementor-column-gap-default\">\n\t\t\t\t\t<div class=\"elementor-column elementor-col-50 elementor-top-column elementor-element elementor-element-5692bf8\" data-id=\"5692bf8\" data-element_type=\"column\">\n\t\t\t<div class=\"elementor-widget-wrap elementor-element-populated\">\n\t\t\t\t\t\t<div class=\"elementor-element elementor-element-691beb3 elementor-widget elementor-widget-text-editor\" data-id=\"691beb3\" data-element_type=\"widget\" data-widget_type=\"text-editor.default\">\n\t\t\t\t<div class=\"elementor-widget-container\">\n\t\t\t\t\t\t\t\t\t<p style=\"text-align: center;\"><a href=\"https:\/\/pflegebuendnis-nds.de\/impressum\/\">Impressum<\/a><\/p>\t\t\t\t\t\t\t\t<\/div>\n\t\t\t\t<\/div>\n\t\t\t\t\t<\/div>\n\t\t<\/div>\n\t\t\t\t<div class=\"elementor-column elementor-col-100 elementor-top-column elementor-element elementor-element-5da252a\" data-id=\"5da252a\" data-element_type=\"column\">\n\t\t\t<div class=\"elementor-widget-wrap elementor-element-populated\">\n\t\t\t\t\t\t<div class=\"elementor-element elementor-element-ab5fbaa elementor-widget elementor-widget-text-editor\" data-id=\"ab5fbaa\" data-element_type=\"widget\" data-widget_type=\"text-editor.default\">\n\t\t\t\t<div class=\"elementor-widget-container\">\n\t\t\t\t\t\t\t\t\t<p style=\"text-align: center;\">Copyright <br \/>pflegebuendnis-hannover-lehrte-hildesheim<\/p>\t\t\t\t\t\t\t\t<\/div>\n\t\t\t\t<\/div>\n\t\t\t\t\t<\/div>\n\t\t<\/div>\n\t\t\t\t<div class=\"elementor-column elementor-col-50 elementor-top-column elementor-element elementor-element-d3e0642\" data-id=\"d3e0642\" data-element_type=\"column\">\n\t\t\t<div class=\"elementor-widget-wrap elementor-element-populated\">\n\t\t\t\t\t\t<div class=\"elementor-element elementor-element-2eb86ae elementor-widget elementor-widget-text-editor\" data-id=\"2eb86ae\" data-element_type=\"widget\" data-widget_type=\"text-editor.default\">\n\t\t\t\t<div class=\"elementor-widget-container\">\n\t\t\t\t\t\t\t\t\t<p style=\"text-align: center;\"><a href=\"https:\/\/pflegebuendnis-nds.de\/dsgvo\/\">dsgvo<\/a><\/p>\t\t\t\t\t\t\t\t<\/div>\n\t\t\t\t<\/div>\n\t\t\t\t\t<\/div>\n\t\t<\/div>\n\t\t\t\t\t<\/div>\n\t\t<\/section>\n\t\t\t\t<\/div>\n\t\t","protected":false},"excerpt":{"rendered":"<p>Zur\u00fcck zum Pflegeb\u00fcndnis Niedersachsen Hier sind Infos zu unserer n\u00e4chsten\/letzten Aktion zu finden. Leertext wird bei feststehendem Termin ausgef\u00fcllt. 01. Februar 2023 &#8211; Landtag Hannover Wir haben uns mit Andrea Prell, Pflegefachkraft und Mitglied im Landtag, getroffen.Wir sagen &#8222;Danke&#8220; f\u00fcr die Einladung und die interessante Gespr\u00e4chsrunde. Foto 10 x 15 Foto Instagram Foto 15 x [&hellip;]<\/p>\n","protected":false},"author":1,"featured_media":0,"parent":0,"menu_order":0,"comment_status":"closed","ping_status":"closed","template":"","meta":{"ocean_post_layout":"full-screen","ocean_both_sidebars_style":"","ocean_both_sidebars_content_width":0,"ocean_both_sidebars_sidebars_width":0,"ocean_sidebar":"0","ocean_second_sidebar":"0","ocean_disable_margins":"enable","ocean_add_body_class":"","ocean_shortcode_before_top_bar":"","ocean_shortcode_after_top_bar":"","ocean_shortcode_before_header":"","ocean_shortcode_after_header":"","ocean_has_shortcode":"","ocean_shortcode_after_title":"","ocean_shortcode_before_footer_widgets":"","ocean_shortcode_after_footer_widgets":"","ocean_shortcode_before_footer_bottom":"","ocean_shortcode_after_footer_bottom":"","ocean_display_top_bar":"off","ocean_display_header":"off","ocean_header_style":"","ocean_center_header_left_menu":"0","ocean_custom_header_template":"0","ocean_custom_logo":0,"ocean_custom_retina_logo":0,"ocean_custom_logo_max_width":0,"ocean_custom_logo_tablet_max_width":0,"ocean_custom_logo_mobile_max_width":0,"ocean_custom_logo_max_height":0,"ocean_custom_logo_tablet_max_height":0,"ocean_custom_logo_mobile_max_height":0,"ocean_header_custom_menu":"0","ocean_menu_typo_font_family":"0","ocean_menu_typo_font_subset":"","ocean_menu_typo_font_size":0,"ocean_menu_typo_font_size_tablet":0,"ocean_menu_typo_font_size_mobile":0,"ocean_menu_typo_font_size_unit":"px","ocean_menu_typo_font_weight":"","ocean_menu_typo_font_weight_tablet":"","ocean_menu_typo_font_weight_mobile":"","ocean_menu_typo_transform":"","ocean_menu_typo_transform_tablet":"","ocean_menu_typo_transform_mobile":"","ocean_menu_typo_line_height":0,"ocean_menu_typo_line_height_tablet":0,"ocean_menu_typo_line_height_mobile":0,"ocean_menu_typo_line_height_unit":"","ocean_menu_typo_spacing":0,"ocean_menu_typo_spacing_tablet":0,"ocean_menu_typo_spacing_mobile":0,"ocean_menu_typo_spacing_unit":"","ocean_menu_link_color":"","ocean_menu_link_color_hover":"","ocean_menu_link_color_active":"","ocean_menu_link_background":"","ocean_menu_link_hover_background":"","ocean_menu_link_active_background":"","ocean_menu_social_links_bg":"","ocean_menu_social_hover_links_bg":"","ocean_menu_social_links_color":"","ocean_menu_social_hover_links_color":"","ocean_disable_title":"on","ocean_disable_heading":"on","ocean_post_title":"","ocean_post_subheading":"","ocean_post_title_style":"","ocean_post_title_background_color":"","ocean_post_title_background":0,"ocean_post_title_bg_image_position":"","ocean_post_title_bg_image_attachment":"","ocean_post_title_bg_image_repeat":"","ocean_post_title_bg_image_size":"","ocean_post_title_height":0,"ocean_post_title_bg_overlay":0.5,"ocean_post_title_bg_overlay_color":"","ocean_disable_breadcrumbs":"default","ocean_breadcrumbs_color":"","ocean_breadcrumbs_separator_color":"","ocean_breadcrumbs_links_color":"","ocean_breadcrumbs_links_hover_color":"","ocean_display_footer_widgets":"off","ocean_display_footer_bottom":"off","ocean_custom_footer_template":"0","footnotes":""},"class_list":["post-2779","page","type-page","status-publish","hentry","entry"],"yoast_head":"<!-- This site is optimized with the Yoast SEO plugin v24.5 - https:\/\/yoast.com\/wordpress\/plugins\/seo\/ -->\n<title>Hannover-Lehrte-Hildesheim - pflegeb\u00fcndnis niedersachsen<\/title>\n<meta name=\"robots\" content=\"index, follow, max-snippet:-1, max-image-preview:large, max-video-preview:-1\" \/>\n<link rel=\"canonical\" href=\"https:\/\/pflegebuendnis-nds.de\/pflegebuendnis-niedersachsen-2\/hannover-lehrte-hildesheim\/\" \/>\n<meta property=\"og:locale\" content=\"de_DE\" \/>\n<meta property=\"og:type\" content=\"article\" \/>\n<meta property=\"og:title\" content=\"Hannover-Lehrte-Hildesheim - pflegeb\u00fcndnis niedersachsen\" \/>\n<meta property=\"og:description\" content=\"Zur\u00fcck zum Pflegeb\u00fcndnis Niedersachsen Hier sind Infos zu unserer n\u00e4chsten\/letzten Aktion zu finden. Leertext wird bei feststehendem Termin ausgef\u00fcllt. 01. Februar 2023 &#8211; Landtag Hannover Wir haben uns mit Andrea Prell, Pflegefachkraft und Mitglied im Landtag, getroffen.Wir sagen &#8222;Danke&#8220; f\u00fcr die Einladung und die interessante Gespr\u00e4chsrunde. Foto 10 x 15 Foto Instagram Foto 15 x [&hellip;]\" \/>\n<meta property=\"og:url\" content=\"https:\/\/pflegebuendnis-nds.de\/pflegebuendnis-niedersachsen-2\/hannover-lehrte-hildesheim\/\" \/>\n<meta property=\"og:site_name\" content=\"pflegeb\u00fcndnis niedersachsen\" \/>\n<meta property=\"article:publisher\" content=\"https:\/\/www.facebook.com\/groups\/297213664070555\/\" \/>\n<meta property=\"article:modified_time\" content=\"2023-02-01T17:36:56+00:00\" \/>\n<meta property=\"og:image\" content=\"https:\/\/pflegebuendnis-nds.de\/wp-content\/uploads\/2021\/08\/pflegeb_halehi.gif\" \/>\n<meta name=\"twitter:card\" content=\"summary_large_image\" \/>\n<meta name=\"twitter:label1\" content=\"Gesch\u00e4tzte Lesezeit\" \/>\n\t<meta name=\"twitter:data1\" content=\"6\u00a0Minuten\" \/>\n<script type=\"application\/ld+json\" class=\"yoast-schema-graph\">{\"@context\":\"https:\/\/schema.org\",\"@graph\":[{\"@type\":\"WebPage\",\"@id\":\"https:\/\/pflegebuendnis-nds.de\/pflegebuendnis-niedersachsen-2\/hannover-lehrte-hildesheim\/\",\"url\":\"https:\/\/pflegebuendnis-nds.de\/pflegebuendnis-niedersachsen-2\/hannover-lehrte-hildesheim\/\",\"name\":\"Hannover-Lehrte-Hildesheim - pflegeb\u00fcndnis niedersachsen\",\"isPartOf\":{\"@id\":\"https:\/\/pflegebuendnis-nds.de\/pflegebuendnis-niedersachsen-2\/#website\"},\"primaryImageOfPage\":{\"@id\":\"https:\/\/pflegebuendnis-nds.de\/pflegebuendnis-niedersachsen-2\/hannover-lehrte-hildesheim\/#primaryimage\"},\"image\":{\"@id\":\"https:\/\/pflegebuendnis-nds.de\/pflegebuendnis-niedersachsen-2\/hannover-lehrte-hildesheim\/#primaryimage\"},\"thumbnailUrl\":\"https:\/\/pflegebuendnis-nds.de\/wp-content\/uploads\/2021\/08\/pflegeb_halehi.gif\",\"datePublished\":\"2021-04-18T10:25:26+00:00\",\"dateModified\":\"2023-02-01T17:36:56+00:00\",\"breadcrumb\":{\"@id\":\"https:\/\/pflegebuendnis-nds.de\/pflegebuendnis-niedersachsen-2\/hannover-lehrte-hildesheim\/#breadcrumb\"},\"inLanguage\":\"de\",\"potentialAction\":[{\"@type\":\"ReadAction\",\"target\":[\"https:\/\/pflegebuendnis-nds.de\/pflegebuendnis-niedersachsen-2\/hannover-lehrte-hildesheim\/\"]}]},{\"@type\":\"ImageObject\",\"inLanguage\":\"de\",\"@id\":\"https:\/\/pflegebuendnis-nds.de\/pflegebuendnis-niedersachsen-2\/hannover-lehrte-hildesheim\/#primaryimage\",\"url\":\"https:\/\/pflegebuendnis-nds.de\/wp-content\/uploads\/2021\/08\/pflegeb_halehi.gif\",\"contentUrl\":\"https:\/\/pflegebuendnis-nds.de\/wp-content\/uploads\/2021\/08\/pflegeb_halehi.gif\"},{\"@type\":\"BreadcrumbList\",\"@id\":\"https:\/\/pflegebuendnis-nds.de\/pflegebuendnis-niedersachsen-2\/hannover-lehrte-hildesheim\/#breadcrumb\",\"itemListElement\":[{\"@type\":\"ListItem\",\"position\":1,\"name\":\"Startseite\",\"item\":\"https:\/\/pflegebuendnis-nds.de\/pflegebuendnis-niedersachsen-2\/\"},{\"@type\":\"ListItem\",\"position\":2,\"name\":\"Hannover-Lehrte-Hildesheim\"}]},{\"@type\":\"WebSite\",\"@id\":\"https:\/\/pflegebuendnis-nds.de\/pflegebuendnis-niedersachsen-2\/#website\",\"url\":\"https:\/\/pflegebuendnis-nds.de\/pflegebuendnis-niedersachsen-2\/\",\"name\":\"pflegeb\u00fcndnis niedersachsen\",\"description\":\"Zusammenschluss von Pflegeb\u00fcndnissen in Niedersachsen\",\"publisher\":{\"@id\":\"https:\/\/pflegebuendnis-nds.de\/pflegebuendnis-niedersachsen-2\/#organization\"},\"potentialAction\":[{\"@type\":\"SearchAction\",\"target\":{\"@type\":\"EntryPoint\",\"urlTemplate\":\"https:\/\/pflegebuendnis-nds.de\/pflegebuendnis-niedersachsen-2\/?s={search_term_string}\"},\"query-input\":{\"@type\":\"PropertyValueSpecification\",\"valueRequired\":true,\"valueName\":\"search_term_string\"}}],\"inLanguage\":\"de\"},{\"@type\":\"Organization\",\"@id\":\"https:\/\/pflegebuendnis-nds.de\/pflegebuendnis-niedersachsen-2\/#organization\",\"name\":\"Pflegeb\u00fcndnis Niedersachsen\",\"url\":\"https:\/\/pflegebuendnis-nds.de\/pflegebuendnis-niedersachsen-2\/\",\"logo\":{\"@type\":\"ImageObject\",\"inLanguage\":\"de\",\"@id\":\"https:\/\/pflegebuendnis-nds.de\/pflegebuendnis-niedersachsen-2\/#\/schema\/logo\/image\/\",\"url\":\"https:\/\/pflegebuendnis-nds.de\/wp-content\/uploads\/2021\/01\/fuer_google.jpg\",\"contentUrl\":\"https:\/\/pflegebuendnis-nds.de\/wp-content\/uploads\/2021\/01\/fuer_google.jpg\",\"width\":680,\"height\":300,\"caption\":\"Pflegeb\u00fcndnis Niedersachsen\"},\"image\":{\"@id\":\"https:\/\/pflegebuendnis-nds.de\/pflegebuendnis-niedersachsen-2\/#\/schema\/logo\/image\/\"},\"sameAs\":[\"https:\/\/www.facebook.com\/groups\/297213664070555\/\"]}]}<\/script>\n<!-- \/ Yoast SEO plugin. -->","yoast_head_json":{"title":"Hannover-Lehrte-Hildesheim - pflegeb\u00fcndnis niedersachsen","robots":{"index":"index","follow":"follow","max-snippet":"max-snippet:-1","max-image-preview":"max-image-preview:large","max-video-preview":"max-video-preview:-1"},"canonical":"https:\/\/pflegebuendnis-nds.de\/pflegebuendnis-niedersachsen-2\/hannover-lehrte-hildesheim\/","og_locale":"de_DE","og_type":"article","og_title":"Hannover-Lehrte-Hildesheim - pflegeb\u00fcndnis niedersachsen","og_description":"Zur\u00fcck zum Pflegeb\u00fcndnis Niedersachsen Hier sind Infos zu unserer n\u00e4chsten\/letzten Aktion zu finden. Leertext wird bei feststehendem Termin ausgef\u00fcllt. 01. Februar 2023 &#8211; Landtag Hannover Wir haben uns mit Andrea Prell, Pflegefachkraft und Mitglied im Landtag, getroffen.Wir sagen &#8222;Danke&#8220; f\u00fcr die Einladung und die interessante Gespr\u00e4chsrunde. Foto 10 x 15 Foto Instagram Foto 15 x [&hellip;]","og_url":"https:\/\/pflegebuendnis-nds.de\/pflegebuendnis-niedersachsen-2\/hannover-lehrte-hildesheim\/","og_site_name":"pflegeb\u00fcndnis niedersachsen","article_publisher":"https:\/\/www.facebook.com\/groups\/297213664070555\/","article_modified_time":"2023-02-01T17:36:56+00:00","og_image":[{"url":"https:\/\/pflegebuendnis-nds.de\/wp-content\/uploads\/2021\/08\/pflegeb_halehi.gif","type":"","width":"","height":""}],"twitter_card":"summary_large_image","twitter_misc":{"Gesch\u00e4tzte Lesezeit":"6\u00a0Minuten"},"schema":{"@context":"https:\/\/schema.org","@graph":[{"@type":"WebPage","@id":"https:\/\/pflegebuendnis-nds.de\/pflegebuendnis-niedersachsen-2\/hannover-lehrte-hildesheim\/","url":"https:\/\/pflegebuendnis-nds.de\/pflegebuendnis-niedersachsen-2\/hannover-lehrte-hildesheim\/","name":"Hannover-Lehrte-Hildesheim - pflegeb\u00fcndnis niedersachsen","isPartOf":{"@id":"https:\/\/pflegebuendnis-nds.de\/pflegebuendnis-niedersachsen-2\/#website"},"primaryImageOfPage":{"@id":"https:\/\/pflegebuendnis-nds.de\/pflegebuendnis-niedersachsen-2\/hannover-lehrte-hildesheim\/#primaryimage"},"image":{"@id":"https:\/\/pflegebuendnis-nds.de\/pflegebuendnis-niedersachsen-2\/hannover-lehrte-hildesheim\/#primaryimage"},"thumbnailUrl":"https:\/\/pflegebuendnis-nds.de\/wp-content\/uploads\/2021\/08\/pflegeb_halehi.gif","datePublished":"2021-04-18T10:25:26+00:00","dateModified":"2023-02-01T17:36:56+00:00","breadcrumb":{"@id":"https:\/\/pflegebuendnis-nds.de\/pflegebuendnis-niedersachsen-2\/hannover-lehrte-hildesheim\/#breadcrumb"},"inLanguage":"de","potentialAction":[{"@type":"ReadAction","target":["https:\/\/pflegebuendnis-nds.de\/pflegebuendnis-niedersachsen-2\/hannover-lehrte-hildesheim\/"]}]},{"@type":"ImageObject","inLanguage":"de","@id":"https:\/\/pflegebuendnis-nds.de\/pflegebuendnis-niedersachsen-2\/hannover-lehrte-hildesheim\/#primaryimage","url":"https:\/\/pflegebuendnis-nds.de\/wp-content\/uploads\/2021\/08\/pflegeb_halehi.gif","contentUrl":"https:\/\/pflegebuendnis-nds.de\/wp-content\/uploads\/2021\/08\/pflegeb_halehi.gif"},{"@type":"BreadcrumbList","@id":"https:\/\/pflegebuendnis-nds.de\/pflegebuendnis-niedersachsen-2\/hannover-lehrte-hildesheim\/#breadcrumb","itemListElement":[{"@type":"ListItem","position":1,"name":"Startseite","item":"https:\/\/pflegebuendnis-nds.de\/pflegebuendnis-niedersachsen-2\/"},{"@type":"ListItem","position":2,"name":"Hannover-Lehrte-Hildesheim"}]},{"@type":"WebSite","@id":"https:\/\/pflegebuendnis-nds.de\/pflegebuendnis-niedersachsen-2\/#website","url":"https:\/\/pflegebuendnis-nds.de\/pflegebuendnis-niedersachsen-2\/","name":"pflegeb\u00fcndnis niedersachsen","description":"Zusammenschluss von Pflegeb\u00fcndnissen in Niedersachsen","publisher":{"@id":"https:\/\/pflegebuendnis-nds.de\/pflegebuendnis-niedersachsen-2\/#organization"},"potentialAction":[{"@type":"SearchAction","target":{"@type":"EntryPoint","urlTemplate":"https:\/\/pflegebuendnis-nds.de\/pflegebuendnis-niedersachsen-2\/?s={search_term_string}"},"query-input":{"@type":"PropertyValueSpecification","valueRequired":true,"valueName":"search_term_string"}}],"inLanguage":"de"},{"@type":"Organization","@id":"https:\/\/pflegebuendnis-nds.de\/pflegebuendnis-niedersachsen-2\/#organization","name":"Pflegeb\u00fcndnis Niedersachsen","url":"https:\/\/pflegebuendnis-nds.de\/pflegebuendnis-niedersachsen-2\/","logo":{"@type":"ImageObject","inLanguage":"de","@id":"https:\/\/pflegebuendnis-nds.de\/pflegebuendnis-niedersachsen-2\/#\/schema\/logo\/image\/","url":"https:\/\/pflegebuendnis-nds.de\/wp-content\/uploads\/2021\/01\/fuer_google.jpg","contentUrl":"https:\/\/pflegebuendnis-nds.de\/wp-content\/uploads\/2021\/01\/fuer_google.jpg","width":680,"height":300,"caption":"Pflegeb\u00fcndnis Niedersachsen"},"image":{"@id":"https:\/\/pflegebuendnis-nds.de\/pflegebuendnis-niedersachsen-2\/#\/schema\/logo\/image\/"},"sameAs":["https:\/\/www.facebook.com\/groups\/297213664070555\/"]}]}},"_links":{"self":[{"href":"https:\/\/pflegebuendnis-nds.de\/pflegebuendnis-niedersachsen-2\/wp-json\/wp\/v2\/pages\/2779","targetHints":{"allow":["GET"]}}],"collection":[{"href":"https:\/\/pflegebuendnis-nds.de\/pflegebuendnis-niedersachsen-2\/wp-json\/wp\/v2\/pages"}],"about":[{"href":"https:\/\/pflegebuendnis-nds.de\/pflegebuendnis-niedersachsen-2\/wp-json\/wp\/v2\/types\/page"}],"author":[{"embeddable":true,"href":"https:\/\/pflegebuendnis-nds.de\/pflegebuendnis-niedersachsen-2\/wp-json\/wp\/v2\/users\/1"}],"replies":[{"embeddable":true,"href":"https:\/\/pflegebuendnis-nds.de\/pflegebuendnis-niedersachsen-2\/wp-json\/wp\/v2\/comments?post=2779"}],"version-history":[{"count":341,"href":"https:\/\/pflegebuendnis-nds.de\/pflegebuendnis-niedersachsen-2\/wp-json\/wp\/v2\/pages\/2779\/revisions"}],"predecessor-version":[{"id":3916,"href":"https:\/\/pflegebuendnis-nds.de\/pflegebuendnis-niedersachsen-2\/wp-json\/wp\/v2\/pages\/2779\/revisions\/3916"}],"wp:attachment":[{"href":"https:\/\/pflegebuendnis-nds.de\/pflegebuendnis-niedersachsen-2\/wp-json\/wp\/v2\/media?parent=2779"}],"curies":[{"name":"wp","href":"https:\/\/api.w.org\/{rel}","templated":true}]}}