{"id":144,"date":"2020-11-14T19:52:30","date_gmt":"2020-11-14T19:52:30","guid":{"rendered":"http:\/\/pflegebuendnis-nds.de\/?page_id=144"},"modified":"2021-02-05T11:36:18","modified_gmt":"2021-02-05T11:36:18","slug":"forderungen","status":"publish","type":"page","link":"https:\/\/pflegebuendnis-nds.de\/pflegebuendnis-niedersachsen-2\/forderungen\/","title":{"rendered":"Forderungen"},"content":{"rendered":"\t\t<div data-elementor-type=\"wp-page\" data-elementor-id=\"144\" class=\"elementor elementor-144\">\n\t\t\t\t\t\t<section class=\"elementor-section elementor-top-section elementor-element elementor-element-71232263 elementor-section-boxed elementor-section-height-default elementor-section-height-default\" data-id=\"71232263\" data-element_type=\"section\" data-settings=\"{&quot;background_background&quot;:&quot;classic&quot;}\">\n\t\t\t\t\t\t<div class=\"elementor-container elementor-column-gap-no\">\n\t\t\t\t\t<div class=\"elementor-column elementor-col-100 elementor-top-column elementor-element elementor-element-90cb181\" data-id=\"90cb181\" data-element_type=\"column\">\n\t\t\t<div class=\"elementor-widget-wrap elementor-element-populated\">\n\t\t\t\t\t\t<div class=\"elementor-element elementor-element-67a3a46a elementor-widget elementor-widget-spacer\" data-id=\"67a3a46a\" data-element_type=\"widget\" data-widget_type=\"spacer.default\">\n\t\t\t\t<div class=\"elementor-widget-container\">\n\t\t\t\t\t\t\t<div class=\"elementor-spacer\">\n\t\t\t<div class=\"elementor-spacer-inner\"><\/div>\n\t\t<\/div>\n\t\t\t\t\t\t<\/div>\n\t\t\t\t<\/div>\n\t\t\t\t\t<\/div>\n\t\t<\/div>\n\t\t\t\t\t<\/div>\n\t\t<\/section>\n\t\t\t\t<section class=\"elementor-section elementor-top-section elementor-element elementor-element-21685093 elementor-section-boxed elementor-section-height-default elementor-section-height-default\" data-id=\"21685093\" data-element_type=\"section\" data-settings=\"{&quot;background_background&quot;:&quot;classic&quot;}\">\n\t\t\t\t\t\t<div class=\"elementor-container elementor-column-gap-no\">\n\t\t\t\t\t<div class=\"elementor-column elementor-col-100 elementor-top-column elementor-element elementor-element-5c3a2fc1\" data-id=\"5c3a2fc1\" data-element_type=\"column\">\n\t\t\t<div class=\"elementor-widget-wrap elementor-element-populated\">\n\t\t\t\t\t\t<div class=\"elementor-element elementor-element-50141b7b elementor-widget-divider--view-line elementor-widget elementor-widget-divider\" data-id=\"50141b7b\" data-element_type=\"widget\" data-widget_type=\"divider.default\">\n\t\t\t\t<div class=\"elementor-widget-container\">\n\t\t\t\t\t\t\t<div class=\"elementor-divider\">\n\t\t\t<span class=\"elementor-divider-separator\">\n\t\t\t\t\t\t<\/span>\n\t\t<\/div>\n\t\t\t\t\t\t<\/div>\n\t\t\t\t<\/div>\n\t\t\t\t<div class=\"elementor-element elementor-element-623aae6e elementor-widget elementor-widget-text-editor\" data-id=\"623aae6e\" data-element_type=\"widget\" data-widget_type=\"text-editor.default\">\n\t\t\t\t<div class=\"elementor-widget-container\">\n\t\t\t\t\t\t\t\t\t<h4 style=\"text-align: center;\"><span style=\"color: #000000;\">Unsere Forderungen an die Politik<\/span><\/h4>\t\t\t\t\t\t\t\t<\/div>\n\t\t\t\t<\/div>\n\t\t\t\t<div class=\"elementor-element elementor-element-6dbc0ad elementor-widget-divider--view-line elementor-widget elementor-widget-divider\" data-id=\"6dbc0ad\" data-element_type=\"widget\" data-widget_type=\"divider.default\">\n\t\t\t\t<div class=\"elementor-widget-container\">\n\t\t\t\t\t\t\t<div class=\"elementor-divider\">\n\t\t\t<span class=\"elementor-divider-separator\">\n\t\t\t\t\t\t<\/span>\n\t\t<\/div>\n\t\t\t\t\t\t<\/div>\n\t\t\t\t<\/div>\n\t\t\t\t\t<\/div>\n\t\t<\/div>\n\t\t\t\t\t<\/div>\n\t\t<\/section>\n\t\t\t\t<section class=\"elementor-section elementor-top-section elementor-element elementor-element-d6233a7 elementor-section-boxed elementor-section-height-default elementor-section-height-default\" data-id=\"d6233a7\" data-element_type=\"section\" data-settings=\"{&quot;background_background&quot;:&quot;classic&quot;}\">\n\t\t\t\t\t\t<div class=\"elementor-container elementor-column-gap-default\">\n\t\t\t\t\t<div class=\"elementor-column elementor-col-100 elementor-top-column elementor-element elementor-element-75939fd\" data-id=\"75939fd\" data-element_type=\"column\">\n\t\t\t<div class=\"elementor-widget-wrap elementor-element-populated\">\n\t\t\t\t\t\t<div class=\"elementor-element elementor-element-b458c22 elementor-widget elementor-widget-text-editor\" data-id=\"b458c22\" data-element_type=\"widget\" data-widget_type=\"text-editor.default\">\n\t\t\t\t<div class=\"elementor-widget-container\">\n\t\t\t\t\t\t\t\t\t<h3 style=\"text-align: center;\"><span style=\"color: #99cc00;\">.<\/span><\/h3>\t\t\t\t\t\t\t\t<\/div>\n\t\t\t\t<\/div>\n\t\t\t\t\t<\/div>\n\t\t<\/div>\n\t\t\t\t\t<\/div>\n\t\t<\/section>\n\t\t\t\t<section class=\"elementor-section elementor-top-section elementor-element elementor-element-97f7577 elementor-section-boxed elementor-section-height-default elementor-section-height-default\" data-id=\"97f7577\" data-element_type=\"section\">\n\t\t\t\t\t\t<div class=\"elementor-container elementor-column-gap-default\">\n\t\t\t\t\t<div class=\"elementor-column elementor-col-100 elementor-top-column elementor-element elementor-element-42edd08\" data-id=\"42edd08\" data-element_type=\"column\">\n\t\t\t<div class=\"elementor-widget-wrap elementor-element-populated\">\n\t\t\t\t\t\t<div class=\"elementor-element elementor-element-65edef6 elementor-widget-divider--view-line_icon elementor-view-default elementor-widget-divider--element-align-center elementor-widget elementor-widget-divider\" data-id=\"65edef6\" data-element_type=\"widget\" data-widget_type=\"divider.default\">\n\t\t\t\t<div class=\"elementor-widget-container\">\n\t\t\t\t\t\t\t<div class=\"elementor-divider\">\n\t\t\t<span class=\"elementor-divider-separator\">\n\t\t\t\t\t\t\t<div class=\"elementor-icon elementor-divider__element\">\n\t\t\t\t\t<i aria-hidden=\"true\" class=\"fas fa-sun\"><\/i><\/div>\n\t\t\t\t\t\t<\/span>\n\t\t<\/div>\n\t\t\t\t\t\t<\/div>\n\t\t\t\t<\/div>\n\t\t\t\t\t<\/div>\n\t\t<\/div>\n\t\t\t\t\t<\/div>\n\t\t<\/section>\n\t\t\t\t<section class=\"elementor-section elementor-top-section elementor-element elementor-element-5d10725 elementor-section-boxed elementor-section-height-default elementor-section-height-default\" data-id=\"5d10725\" data-element_type=\"section\">\n\t\t\t\t\t\t<div class=\"elementor-container elementor-column-gap-default\">\n\t\t\t\t\t<div class=\"elementor-column elementor-col-100 elementor-top-column elementor-element elementor-element-0ee7c1c\" data-id=\"0ee7c1c\" data-element_type=\"column\">\n\t\t\t<div class=\"elementor-widget-wrap elementor-element-populated\">\n\t\t\t\t\t\t<div class=\"elementor-element elementor-element-bdee999 elementor-widget elementor-widget-text-editor\" data-id=\"bdee999\" data-element_type=\"widget\" data-widget_type=\"text-editor.default\">\n\t\t\t\t<div class=\"elementor-widget-container\">\n\t\t\t\t\t\t\t\t\t<p style=\"text-align: center;\"><span style=\"color: #000000;\">Diese Seite befindet sich noch im Wandel und wird es bei den, teilweise sehr skurrilen Entscheidungen von der Politik, wohl auch lange bleiben.<\/span><\/p>\t\t\t\t\t\t\t\t<\/div>\n\t\t\t\t<\/div>\n\t\t\t\t\t<\/div>\n\t\t<\/div>\n\t\t\t\t\t<\/div>\n\t\t<\/section>\n\t\t\t\t<section class=\"elementor-section elementor-top-section elementor-element elementor-element-1a0607a elementor-section-boxed elementor-section-height-default elementor-section-height-default\" data-id=\"1a0607a\" data-element_type=\"section\">\n\t\t\t\t\t\t<div class=\"elementor-container elementor-column-gap-default\">\n\t\t\t\t\t<div class=\"elementor-column elementor-col-100 elementor-top-column elementor-element elementor-element-288eea1\" data-id=\"288eea1\" data-element_type=\"column\">\n\t\t\t<div class=\"elementor-widget-wrap elementor-element-populated\">\n\t\t\t\t\t\t<div class=\"elementor-element elementor-element-739f868 elementor-widget-divider--view-line_icon elementor-view-default elementor-widget-divider--element-align-center elementor-widget elementor-widget-divider\" data-id=\"739f868\" data-element_type=\"widget\" data-widget_type=\"divider.default\">\n\t\t\t\t<div class=\"elementor-widget-container\">\n\t\t\t\t\t\t\t<div class=\"elementor-divider\">\n\t\t\t<span class=\"elementor-divider-separator\">\n\t\t\t\t\t\t\t<div class=\"elementor-icon elementor-divider__element\">\n\t\t\t\t\t<i aria-hidden=\"true\" class=\"fas fa-sun\"><\/i><\/div>\n\t\t\t\t\t\t<\/span>\n\t\t<\/div>\n\t\t\t\t\t\t<\/div>\n\t\t\t\t<\/div>\n\t\t\t\t\t<\/div>\n\t\t<\/div>\n\t\t\t\t\t<\/div>\n\t\t<\/section>\n\t\t\t\t<section class=\"elementor-section elementor-top-section elementor-element elementor-element-3adf123 elementor-section-boxed elementor-section-height-default elementor-section-height-default\" data-id=\"3adf123\" data-element_type=\"section\">\n\t\t\t\t\t\t<div class=\"elementor-container elementor-column-gap-default\">\n\t\t\t\t\t<div class=\"elementor-column elementor-col-50 elementor-top-column elementor-element elementor-element-8c7effa\" data-id=\"8c7effa\" data-element_type=\"column\">\n\t\t\t<div class=\"elementor-widget-wrap elementor-element-populated\">\n\t\t\t\t\t\t<div class=\"elementor-element elementor-element-5a7a754 elementor-widget elementor-widget-text-editor\" data-id=\"5a7a754\" data-element_type=\"widget\" data-widget_type=\"text-editor.default\">\n\t\t\t\t<div class=\"elementor-widget-container\">\n\t\t\t\t\t\t\t\t\t<h4>Politik<\/h4>\t\t\t\t\t\t\t\t<\/div>\n\t\t\t\t<\/div>\n\t\t\t\t\t<\/div>\n\t\t<\/div>\n\t\t\t\t<div class=\"elementor-column elementor-col-50 elementor-top-column elementor-element elementor-element-72eb818\" data-id=\"72eb818\" data-element_type=\"column\" data-settings=\"{&quot;background_background&quot;:&quot;classic&quot;}\">\n\t\t\t<div class=\"elementor-widget-wrap elementor-element-populated\">\n\t\t\t\t\t\t<div class=\"elementor-element elementor-element-f0b80e3 elementor-widget elementor-widget-text-editor\" data-id=\"f0b80e3\" data-element_type=\"widget\" data-widget_type=\"text-editor.default\">\n\t\t\t\t<div class=\"elementor-widget-container\">\n\t\t\t\t\t\t\t\t\t<ul><li>An den &#8222;runden Tischen&#8220; der Parteien sitzen bei Beschl\u00fcssen zum Thema Pflege vorwiegend Berufsfeldunerfahrene oder finanziell interessierte Vertreter. Die Menschen, die es betrifft fehlen. Es muss nicht \u00fcber sondern mit uns entschieden werden!<\/li><\/ul>\t\t\t\t\t\t\t\t<\/div>\n\t\t\t\t<\/div>\n\t\t\t\t<div class=\"elementor-element elementor-element-3d0a295 elementor-widget elementor-widget-text-editor\" data-id=\"3d0a295\" data-element_type=\"widget\" data-widget_type=\"text-editor.default\">\n\t\t\t\t<div class=\"elementor-widget-container\">\n\t\t\t\t\t\t\t\t\t<ul><li>Durch die B\u00fcndelung vieler regionaler B\u00fcndnisse, Initiativen sind wir ein starker B\u00fcndnispartner und m\u00f6chten\/m\u00fcssen als solcher in gesundheitspolitische Entscheidungen mit einbezogen werden.<\/li><\/ul>\t\t\t\t\t\t\t\t<\/div>\n\t\t\t\t<\/div>\n\t\t\t\t\t<\/div>\n\t\t<\/div>\n\t\t\t\t\t<\/div>\n\t\t<\/section>\n\t\t\t\t<section class=\"elementor-section elementor-top-section elementor-element elementor-element-04b13ee elementor-section-boxed elementor-section-height-default elementor-section-height-default\" data-id=\"04b13ee\" data-element_type=\"section\">\n\t\t\t\t\t\t<div class=\"elementor-container elementor-column-gap-default\">\n\t\t\t\t\t<div class=\"elementor-column elementor-col-100 elementor-top-column elementor-element elementor-element-7c32aa3\" data-id=\"7c32aa3\" data-element_type=\"column\">\n\t\t\t<div class=\"elementor-widget-wrap elementor-element-populated\">\n\t\t\t\t\t\t<div class=\"elementor-element elementor-element-2a2826a elementor-widget-divider--view-line_icon elementor-view-default elementor-widget-divider--element-align-center elementor-widget elementor-widget-divider\" data-id=\"2a2826a\" data-element_type=\"widget\" data-widget_type=\"divider.default\">\n\t\t\t\t<div class=\"elementor-widget-container\">\n\t\t\t\t\t\t\t<div class=\"elementor-divider\">\n\t\t\t<span class=\"elementor-divider-separator\">\n\t\t\t\t\t\t\t<div class=\"elementor-icon elementor-divider__element\">\n\t\t\t\t\t<i aria-hidden=\"true\" class=\"fas fa-sun\"><\/i><\/div>\n\t\t\t\t\t\t<\/span>\n\t\t<\/div>\n\t\t\t\t\t\t<\/div>\n\t\t\t\t<\/div>\n\t\t\t\t\t<\/div>\n\t\t<\/div>\n\t\t\t\t\t<\/div>\n\t\t<\/section>\n\t\t\t\t<section class=\"elementor-section elementor-top-section elementor-element elementor-element-5b6780e elementor-section-boxed elementor-section-height-default elementor-section-height-default\" data-id=\"5b6780e\" data-element_type=\"section\">\n\t\t\t\t\t\t<div class=\"elementor-container elementor-column-gap-default\">\n\t\t\t\t\t<div class=\"elementor-column elementor-col-50 elementor-top-column elementor-element elementor-element-c6baf95\" data-id=\"c6baf95\" data-element_type=\"column\">\n\t\t\t<div class=\"elementor-widget-wrap elementor-element-populated\">\n\t\t\t\t\t\t<div class=\"elementor-element elementor-element-27fc137 elementor-widget elementor-widget-text-editor\" data-id=\"27fc137\" data-element_type=\"widget\" data-widget_type=\"text-editor.default\">\n\t\t\t\t<div class=\"elementor-widget-container\">\n\t\t\t\t\t\t\t\t\t<h4>Arbeitsbedingungen f\u00fcr Pflege- und Krankenhauspersonal muss akut und nachhaltig verbessert werden.<\/h4>\t\t\t\t\t\t\t\t<\/div>\n\t\t\t\t<\/div>\n\t\t\t\t\t<\/div>\n\t\t<\/div>\n\t\t\t\t<div class=\"elementor-column elementor-col-50 elementor-top-column elementor-element elementor-element-50b76f6\" data-id=\"50b76f6\" data-element_type=\"column\" data-settings=\"{&quot;background_background&quot;:&quot;classic&quot;}\">\n\t\t\t<div class=\"elementor-widget-wrap elementor-element-populated\">\n\t\t\t\t\t\t<div class=\"elementor-element elementor-element-6926123 elementor-widget elementor-widget-text-editor\" data-id=\"6926123\" data-element_type=\"widget\" data-widget_type=\"text-editor.default\">\n\t\t\t\t<div class=\"elementor-widget-container\">\n\t\t\t\t\t\t\t\t\t<ul><li><strong><span style=\"color: #000000;\">Eine sofortige Aufhebung der Lockerung des Arbeitszeitgesetzes<\/span><\/strong><\/li><\/ul>\t\t\t\t\t\t\t\t<\/div>\n\t\t\t\t<\/div>\n\t\t\t\t<div class=\"elementor-element elementor-element-e4f54a0 elementor-widget elementor-widget-text-editor\" data-id=\"e4f54a0\" data-element_type=\"widget\" data-widget_type=\"text-editor.default\">\n\t\t\t\t<div class=\"elementor-widget-container\">\n\t\t\t\t\t\t\t\t\t<ul><li><strong><span style=\"color: #000000;\">Keine Arbeitseins\u00e4tze von covid-19 positivem Personal<\/span><\/strong><\/li><\/ul>\t\t\t\t\t\t\t\t<\/div>\n\t\t\t\t<\/div>\n\t\t\t\t<div class=\"elementor-element elementor-element-576fa3b elementor-widget elementor-widget-text-editor\" data-id=\"576fa3b\" data-element_type=\"widget\" data-widget_type=\"text-editor.default\">\n\t\t\t\t<div class=\"elementor-widget-container\">\n\t\t\t\t\t\t\t\t\t<ul><li><strong>Eine Personalbemessung am Bedarf<\/strong><br \/><strong>Mehr\/ ausreichendes Pflegefachpersonal f\u00fcr eine ganzheitliche Pflegeversorgung von Patienten und Bewohnern.<\/strong><br \/><strong>(Fachpersonal! Keine Pflegehilfkr\u00e4fte die diese Positionen ersetzen! Pflegehilfskr\u00e4fte werden zur Unterst\u00fctzung gebraucht)<\/strong><\/li><\/ul>\t\t\t\t\t\t\t\t<\/div>\n\t\t\t\t<\/div>\n\t\t\t\t<div class=\"elementor-element elementor-element-8026c11 elementor-widget elementor-widget-text-editor\" data-id=\"8026c11\" data-element_type=\"widget\" data-widget_type=\"text-editor.default\">\n\t\t\t\t<div class=\"elementor-widget-container\">\n\t\t\t\t\t\t\t\t\t<ul><li><strong><span style=\"color: #000000;\">Eine ausk\u00f6mmliche Finanzierung des Gesundheitssystems<\/span><\/strong><\/li><\/ul>\t\t\t\t\t\t\t\t<\/div>\n\t\t\t\t<\/div>\n\t\t\t\t<div class=\"elementor-element elementor-element-c3442d6 elementor-widget elementor-widget-text-editor\" data-id=\"c3442d6\" data-element_type=\"widget\" data-widget_type=\"text-editor.default\">\n\t\t\t\t<div class=\"elementor-widget-container\">\n\t\t\t\t\t\t\t\t\t<ul><li><strong>Einen bundeseinheitlichen Tarifvertrag<\/strong><\/li><\/ul>\t\t\t\t\t\t\t\t<\/div>\n\t\t\t\t<\/div>\n\t\t\t\t<div class=\"elementor-element elementor-element-69d545d elementor-widget elementor-widget-text-editor\" data-id=\"69d545d\" data-element_type=\"widget\" data-widget_type=\"text-editor.default\">\n\t\t\t\t<div class=\"elementor-widget-container\">\n\t\t\t\t\t\t\t\t\t<ul><li><strong>Arbeitsbedingungen die eine professionelle und menschenw\u00fcrdige Pflege erm\u00f6glichen<\/strong><\/li><\/ul>\t\t\t\t\t\t\t\t<\/div>\n\t\t\t\t<\/div>\n\t\t\t\t<div class=\"elementor-element elementor-element-e5bb85c elementor-widget elementor-widget-text-editor\" data-id=\"e5bb85c\" data-element_type=\"widget\" data-widget_type=\"text-editor.default\">\n\t\t\t\t<div class=\"elementor-widget-container\">\n\t\t\t\t\t\t\t\t\t<ul><li><b>Feste Arbeitszeiten (geregelter und auch \u00fcber einen Tag hinaus g\u00fcltiger Dienstplan).<\/b><\/li><\/ul>\t\t\t\t\t\t\t\t<\/div>\n\t\t\t\t<\/div>\n\t\t\t\t<div class=\"elementor-element elementor-element-1dad886 elementor-widget elementor-widget-text-editor\" data-id=\"1dad886\" data-element_type=\"widget\" data-widget_type=\"text-editor.default\">\n\t\t\t\t<div class=\"elementor-widget-container\">\n\t\t\t\t\t\t\t\t\t<ul><li><strong>Gesicherte freie Tage und Wochenenden<\/strong><\/li><\/ul>\t\t\t\t\t\t\t\t<\/div>\n\t\t\t\t<\/div>\n\t\t\t\t<div class=\"elementor-element elementor-element-73f286e elementor-widget elementor-widget-text-editor\" data-id=\"73f286e\" data-element_type=\"widget\" data-widget_type=\"text-editor.default\">\n\t\t\t\t<div class=\"elementor-widget-container\">\n\t\t\t\t\t\t\t\t\t<ul><li><strong>Ausreichende und effektive Hilfsmittel, zum Schutz der Gesundheit des Pflegepersonals und der Gepflegten.<\/strong><\/li><\/ul>\t\t\t\t\t\t\t\t<\/div>\n\t\t\t\t<\/div>\n\t\t\t\t<div class=\"elementor-element elementor-element-8be06d2 elementor-widget elementor-widget-text-editor\" data-id=\"8be06d2\" data-element_type=\"widget\" data-widget_type=\"text-editor.default\">\n\t\t\t\t<div class=\"elementor-widget-container\">\n\t\t\t\t\t\t\t\t\t<h3 style=\"text-align: center;\"><strong><br>!!! KEINE PROFITE MEHR MIT UNSERER GESUNDHEIT !!!<br><br><\/strong><\/h3>\t\t\t\t\t\t\t\t<\/div>\n\t\t\t\t<\/div>\n\t\t\t\t\t<\/div>\n\t\t<\/div>\n\t\t\t\t\t<\/div>\n\t\t<\/section>\n\t\t\t\t<section class=\"elementor-section elementor-top-section elementor-element elementor-element-c11ad43 elementor-section-boxed elementor-section-height-default elementor-section-height-default\" data-id=\"c11ad43\" data-element_type=\"section\">\n\t\t\t\t\t\t<div class=\"elementor-container elementor-column-gap-default\">\n\t\t\t\t\t<div class=\"elementor-column elementor-col-100 elementor-top-column elementor-element elementor-element-868beca\" data-id=\"868beca\" data-element_type=\"column\">\n\t\t\t<div class=\"elementor-widget-wrap elementor-element-populated\">\n\t\t\t\t\t\t<div class=\"elementor-element elementor-element-d5af0f2 elementor-widget-divider--view-line_icon elementor-view-default elementor-widget-divider--element-align-center elementor-widget elementor-widget-divider\" data-id=\"d5af0f2\" data-element_type=\"widget\" data-widget_type=\"divider.default\">\n\t\t\t\t<div class=\"elementor-widget-container\">\n\t\t\t\t\t\t\t<div class=\"elementor-divider\">\n\t\t\t<span class=\"elementor-divider-separator\">\n\t\t\t\t\t\t\t<div class=\"elementor-icon elementor-divider__element\">\n\t\t\t\t\t<i aria-hidden=\"true\" class=\"fas fa-sun\"><\/i><\/div>\n\t\t\t\t\t\t<\/span>\n\t\t<\/div>\n\t\t\t\t\t\t<\/div>\n\t\t\t\t<\/div>\n\t\t\t\t\t<\/div>\n\t\t<\/div>\n\t\t\t\t\t<\/div>\n\t\t<\/section>\n\t\t\t\t<section class=\"elementor-section elementor-top-section elementor-element elementor-element-c939681 elementor-section-boxed elementor-section-height-default elementor-section-height-default\" data-id=\"c939681\" data-element_type=\"section\">\n\t\t\t\t\t\t<div class=\"elementor-container elementor-column-gap-default\">\n\t\t\t\t\t<div class=\"elementor-column elementor-col-50 elementor-top-column elementor-element elementor-element-c77a3d3\" data-id=\"c77a3d3\" data-element_type=\"column\">\n\t\t\t<div class=\"elementor-widget-wrap elementor-element-populated\">\n\t\t\t\t\t\t<div class=\"elementor-element elementor-element-aa5e4d4 elementor-widget elementor-widget-text-editor\" data-id=\"aa5e4d4\" data-element_type=\"widget\" data-widget_type=\"text-editor.default\">\n\t\t\t\t<div class=\"elementor-widget-container\">\n\t\t\t\t\t\t\t\t\t<h4>Pflege- und Betreuung von Patienten und Bewohnern muss sich an humanen und nicht an finanziellen Interessen ausrichten.<\/h4>\t\t\t\t\t\t\t\t<\/div>\n\t\t\t\t<\/div>\n\t\t\t\t\t<\/div>\n\t\t<\/div>\n\t\t\t\t<div class=\"elementor-column elementor-col-50 elementor-top-column elementor-element elementor-element-fdf017e\" data-id=\"fdf017e\" data-element_type=\"column\" data-settings=\"{&quot;background_background&quot;:&quot;classic&quot;}\">\n\t\t\t<div class=\"elementor-widget-wrap elementor-element-populated\">\n\t\t\t\t\t\t<div class=\"elementor-element elementor-element-bf81d3b elementor-widget elementor-widget-text-editor\" data-id=\"bf81d3b\" data-element_type=\"widget\" data-widget_type=\"text-editor.default\">\n\t\t\t\t<div class=\"elementor-widget-container\">\n\t\t\t\t\t\t\t\t\t<ul><li>Fallpauschalen richten sich nicht nach den Bed\u00fcrfnissen individueller Menschen\/Patienten, sondern sind der kosteng\u00fcnstige Durchschnittswert, die ein durchschnittlicher Mensch zur Genesung braucht. <br \/>Kinder, alte Menschen, Menschen mit Vorerkrankungen oder Handicaps fallen da raus.<br \/>Daher geh\u00f6ren die DRGs abgeschafft oder zu mindest individualisiert.<\/li><\/ul>\t\t\t\t\t\t\t\t<\/div>\n\t\t\t\t<\/div>\n\t\t\t\t<div class=\"elementor-element elementor-element-270efcc elementor-widget elementor-widget-text-editor\" data-id=\"270efcc\" data-element_type=\"widget\" data-widget_type=\"text-editor.default\">\n\t\t\t\t<div class=\"elementor-widget-container\">\n\t\t\t\t\t\t\t\t\t<ul><li>Der Patient oder Bewohner hat ein Recht auf ganzheitliche Versorgung. Physische wie psychische Versorgung muss daher gleichwertig abrechnungsf\u00e4hig sein.<\/li><\/ul>\t\t\t\t\t\t\t\t<\/div>\n\t\t\t\t<\/div>\n\t\t\t\t<div class=\"elementor-element elementor-element-849dfea elementor-widget elementor-widget-text-editor\" data-id=\"849dfea\" data-element_type=\"widget\" data-widget_type=\"text-editor.default\">\n\t\t\t\t<div class=\"elementor-widget-container\">\n\t\t\t\t\t\t\t\t\t<ul><li>Zur Sicherstellung der best m\u00f6glichen Versorgung eines Patienten\/ Bewohners ben\u00f6tigt es einen sicheren Stellenschl\u00fcssel mit Pflegefachpersonal. Pflegehilfskr\u00e4fte d\u00fcrfen nicht aus Sparsamkeit, und zu Lasten des Patienten\/Bewohners, die Aufgaben von Pflegefachkr\u00e4ften \u00fcbernehmen.<\/li><\/ul>\t\t\t\t\t\t\t\t<\/div>\n\t\t\t\t<\/div>\n\t\t\t\t<div class=\"elementor-element elementor-element-1d96c88 elementor-widget elementor-widget-text-editor\" data-id=\"1d96c88\" data-element_type=\"widget\" data-widget_type=\"text-editor.default\">\n\t\t\t\t<div class=\"elementor-widget-container\">\n\t\t\t\t\t\t\t\t\t<ul><li>Zur Erhaltung von Ressourcen des Patienten\/Bewohners muss ausreichend Zeit gegeben sein, um Hilfe zur Selbsthilfe zu erm\u00f6glichen.<\/li><\/ul>\t\t\t\t\t\t\t\t<\/div>\n\t\t\t\t<\/div>\n\t\t\t\t\t<\/div>\n\t\t<\/div>\n\t\t\t\t\t<\/div>\n\t\t<\/section>\n\t\t\t\t<section class=\"elementor-section elementor-top-section elementor-element elementor-element-e9db1db elementor-section-boxed elementor-section-height-default elementor-section-height-default\" data-id=\"e9db1db\" data-element_type=\"section\">\n\t\t\t\t\t\t<div class=\"elementor-container elementor-column-gap-default\">\n\t\t\t\t\t<div class=\"elementor-column elementor-col-50 elementor-top-column elementor-element elementor-element-a10d902\" data-id=\"a10d902\" data-element_type=\"column\">\n\t\t\t<div class=\"elementor-widget-wrap\">\n\t\t\t\t\t\t\t<\/div>\n\t\t<\/div>\n\t\t\t\t<div class=\"elementor-column elementor-col-50 elementor-top-column elementor-element elementor-element-7aa77c6\" data-id=\"7aa77c6\" data-element_type=\"column\">\n\t\t\t<div class=\"elementor-widget-wrap\">\n\t\t\t\t\t\t\t<\/div>\n\t\t<\/div>\n\t\t\t\t\t<\/div>\n\t\t<\/section>\n\t\t\t\t<section class=\"elementor-section elementor-top-section elementor-element elementor-element-4e779b5f elementor-section-boxed elementor-section-height-default elementor-section-height-default\" data-id=\"4e779b5f\" data-element_type=\"section\">\n\t\t\t\t\t\t<div class=\"elementor-container elementor-column-gap-default\">\n\t\t\t\t\t<div class=\"elementor-column elementor-col-100 elementor-top-column elementor-element elementor-element-350549f8\" data-id=\"350549f8\" data-element_type=\"column\">\n\t\t\t<div class=\"elementor-widget-wrap elementor-element-populated\">\n\t\t\t\t\t\t<div class=\"elementor-element elementor-element-8fc75eb elementor-widget-divider--view-line_icon elementor-view-default elementor-widget-divider--element-align-center elementor-widget elementor-widget-divider\" data-id=\"8fc75eb\" data-element_type=\"widget\" data-widget_type=\"divider.default\">\n\t\t\t\t<div class=\"elementor-widget-container\">\n\t\t\t\t\t\t\t<div class=\"elementor-divider\">\n\t\t\t<span class=\"elementor-divider-separator\">\n\t\t\t\t\t\t\t<div class=\"elementor-icon elementor-divider__element\">\n\t\t\t\t\t<i aria-hidden=\"true\" class=\"fas fa-sun\"><\/i><\/div>\n\t\t\t\t\t\t<\/span>\n\t\t<\/div>\n\t\t\t\t\t\t<\/div>\n\t\t\t\t<\/div>\n\t\t\t\t<div class=\"elementor-element elementor-element-7071092b elementor-widget elementor-widget-spacer\" data-id=\"7071092b\" data-element_type=\"widget\" data-widget_type=\"spacer.default\">\n\t\t\t\t<div class=\"elementor-widget-container\">\n\t\t\t\t\t\t\t<div class=\"elementor-spacer\">\n\t\t\t<div class=\"elementor-spacer-inner\"><\/div>\n\t\t<\/div>\n\t\t\t\t\t\t<\/div>\n\t\t\t\t<\/div>\n\t\t\t\t\t<\/div>\n\t\t<\/div>\n\t\t\t\t\t<\/div>\n\t\t<\/section>\n\t\t\t\t<section class=\"elementor-section elementor-top-section elementor-element elementor-element-cb38605 elementor-section-content-bottom elementor-section-boxed elementor-section-height-default elementor-section-height-default\" data-id=\"cb38605\" data-element_type=\"section\" data-settings=\"{&quot;background_background&quot;:&quot;classic&quot;}\">\n\t\t\t\t\t\t<div class=\"elementor-container elementor-column-gap-default\">\n\t\t\t\t\t<div class=\"elementor-column elementor-col-100 elementor-top-column elementor-element elementor-element-3749162\" data-id=\"3749162\" data-element_type=\"column\">\n\t\t\t<div class=\"elementor-widget-wrap elementor-element-populated\">\n\t\t\t\t\t\t<div class=\"elementor-element elementor-element-028d07f elementor-widget elementor-widget-spacer\" data-id=\"028d07f\" data-element_type=\"widget\" data-widget_type=\"spacer.default\">\n\t\t\t\t<div class=\"elementor-widget-container\">\n\t\t\t\t\t\t\t<div class=\"elementor-spacer\">\n\t\t\t<div class=\"elementor-spacer-inner\"><\/div>\n\t\t<\/div>\n\t\t\t\t\t\t<\/div>\n\t\t\t\t<\/div>\n\t\t\t\t\t<\/div>\n\t\t<\/div>\n\t\t\t\t\t<\/div>\n\t\t<\/section>\n\t\t\t\t<\/div>\n\t\t","protected":false},"excerpt":{"rendered":"<p>Unsere Forderungen an die Politik . Diese Seite befindet sich noch im Wandel und wird es bei den, teilweise sehr skurrilen Entscheidungen von der Politik, wohl auch lange bleiben. Politik An den &#8222;runden Tischen&#8220; der Parteien sitzen bei Beschl\u00fcssen zum Thema Pflege vorwiegend Berufsfeldunerfahrene oder finanziell interessierte Vertreter. Die Menschen, die es betrifft fehlen. Es [&hellip;]<\/p>\n","protected":false},"author":1,"featured_media":0,"parent":0,"menu_order":0,"comment_status":"closed","ping_status":"closed","template":"","meta":{"ocean_post_layout":"full-screen","ocean_both_sidebars_style":"","ocean_both_sidebars_content_width":0,"ocean_both_sidebars_sidebars_width":0,"ocean_sidebar":"0","ocean_second_sidebar":"0","ocean_disable_margins":"enable","ocean_add_body_class":"","ocean_shortcode_before_top_bar":"","ocean_shortcode_after_top_bar":"","ocean_shortcode_before_header":"","ocean_shortcode_after_header":"","ocean_has_shortcode":"","ocean_shortcode_after_title":"","ocean_shortcode_before_footer_widgets":"","ocean_shortcode_after_footer_widgets":"","ocean_shortcode_before_footer_bottom":"","ocean_shortcode_after_footer_bottom":"","ocean_display_top_bar":"off","ocean_display_header":"on","ocean_header_style":"","ocean_center_header_left_menu":"0","ocean_custom_header_template":"0","ocean_custom_logo":0,"ocean_custom_retina_logo":0,"ocean_custom_logo_max_width":0,"ocean_custom_logo_tablet_max_width":0,"ocean_custom_logo_mobile_max_width":0,"ocean_custom_logo_max_height":0,"ocean_custom_logo_tablet_max_height":0,"ocean_custom_logo_mobile_max_height":0,"ocean_header_custom_menu":"0","ocean_menu_typo_font_family":"Trebuchet MS, Helvetica, sans-serif","ocean_menu_typo_font_subset":"","ocean_menu_typo_font_size":0,"ocean_menu_typo_font_size_tablet":0,"ocean_menu_typo_font_size_mobile":0,"ocean_menu_typo_font_size_unit":"px","ocean_menu_typo_font_weight":"","ocean_menu_typo_font_weight_tablet":"","ocean_menu_typo_font_weight_mobile":"","ocean_menu_typo_transform":"","ocean_menu_typo_transform_tablet":"","ocean_menu_typo_transform_mobile":"","ocean_menu_typo_line_height":0,"ocean_menu_typo_line_height_tablet":0,"ocean_menu_typo_line_height_mobile":0,"ocean_menu_typo_line_height_unit":"","ocean_menu_typo_spacing":0,"ocean_menu_typo_spacing_tablet":0,"ocean_menu_typo_spacing_mobile":0,"ocean_menu_typo_spacing_unit":"","ocean_menu_link_color":"","ocean_menu_link_color_hover":"","ocean_menu_link_color_active":"","ocean_menu_link_background":"","ocean_menu_link_hover_background":"","ocean_menu_link_active_background":"","ocean_menu_social_links_bg":"","ocean_menu_social_hover_links_bg":"","ocean_menu_social_links_color":"","ocean_menu_social_hover_links_color":"","ocean_disable_title":"on","ocean_disable_heading":"default","ocean_post_title":"","ocean_post_subheading":"","ocean_post_title_style":"","ocean_post_title_background_color":"","ocean_post_title_background":0,"ocean_post_title_bg_image_position":"","ocean_post_title_bg_image_attachment":"","ocean_post_title_bg_image_repeat":"","ocean_post_title_bg_image_size":"","ocean_post_title_height":0,"ocean_post_title_bg_overlay":0.5,"ocean_post_title_bg_overlay_color":"","ocean_disable_breadcrumbs":"default","ocean_breadcrumbs_color":"","ocean_breadcrumbs_separator_color":"","ocean_breadcrumbs_links_color":"","ocean_breadcrumbs_links_hover_color":"","ocean_display_footer_widgets":"on","ocean_display_footer_bottom":"on","ocean_custom_footer_template":"0","footnotes":""},"class_list":["post-144","page","type-page","status-publish","hentry","entry"],"yoast_head":"<!-- This site is optimized with the Yoast SEO plugin v24.5 - https:\/\/yoast.com\/wordpress\/plugins\/seo\/ -->\n<title>Forderungen - pflegeb\u00fcndnis niedersachsen<\/title>\n<meta name=\"description\" content=\"Hier finden sie die vorl\u00e4ufigen Forderungen des Pflegeb\u00fcndnis Niedersachsen\" \/>\n<meta name=\"robots\" content=\"index, follow, max-snippet:-1, max-image-preview:large, max-video-preview:-1\" \/>\n<link rel=\"canonical\" href=\"https:\/\/pflegebuendnis-nds.de\/pflegebuendnis-niedersachsen-2\/forderungen\/\" \/>\n<meta property=\"og:locale\" content=\"de_DE\" \/>\n<meta property=\"og:type\" content=\"article\" \/>\n<meta property=\"og:title\" content=\"Forderungen - pflegeb\u00fcndnis niedersachsen\" \/>\n<meta property=\"og:description\" content=\"Hier finden sie die vorl\u00e4ufigen Forderungen des Pflegeb\u00fcndnis Niedersachsen\" \/>\n<meta property=\"og:url\" content=\"https:\/\/pflegebuendnis-nds.de\/pflegebuendnis-niedersachsen-2\/forderungen\/\" \/>\n<meta property=\"og:site_name\" content=\"pflegeb\u00fcndnis niedersachsen\" \/>\n<meta property=\"article:publisher\" content=\"https:\/\/www.facebook.com\/groups\/297213664070555\/\" \/>\n<meta property=\"article:modified_time\" content=\"2021-02-05T11:36:18+00:00\" \/>\n<meta name=\"twitter:card\" content=\"summary_large_image\" \/>\n<meta name=\"twitter:label1\" content=\"Gesch\u00e4tzte Lesezeit\" \/>\n\t<meta name=\"twitter:data1\" content=\"2\u00a0Minuten\" \/>\n<script type=\"application\/ld+json\" class=\"yoast-schema-graph\">{\"@context\":\"https:\/\/schema.org\",\"@graph\":[{\"@type\":\"WebPage\",\"@id\":\"https:\/\/pflegebuendnis-nds.de\/pflegebuendnis-niedersachsen-2\/forderungen\/\",\"url\":\"https:\/\/pflegebuendnis-nds.de\/pflegebuendnis-niedersachsen-2\/forderungen\/\",\"name\":\"Forderungen - pflegeb\u00fcndnis niedersachsen\",\"isPartOf\":{\"@id\":\"https:\/\/pflegebuendnis-nds.de\/pflegebuendnis-niedersachsen-2\/#website\"},\"datePublished\":\"2020-11-14T19:52:30+00:00\",\"dateModified\":\"2021-02-05T11:36:18+00:00\",\"description\":\"Hier finden sie die vorl\u00e4ufigen Forderungen des Pflegeb\u00fcndnis Niedersachsen\",\"breadcrumb\":{\"@id\":\"https:\/\/pflegebuendnis-nds.de\/pflegebuendnis-niedersachsen-2\/forderungen\/#breadcrumb\"},\"inLanguage\":\"de\",\"potentialAction\":[{\"@type\":\"ReadAction\",\"target\":[\"https:\/\/pflegebuendnis-nds.de\/pflegebuendnis-niedersachsen-2\/forderungen\/\"]}]},{\"@type\":\"BreadcrumbList\",\"@id\":\"https:\/\/pflegebuendnis-nds.de\/pflegebuendnis-niedersachsen-2\/forderungen\/#breadcrumb\",\"itemListElement\":[{\"@type\":\"ListItem\",\"position\":1,\"name\":\"Startseite\",\"item\":\"https:\/\/pflegebuendnis-nds.de\/pflegebuendnis-niedersachsen-2\/\"},{\"@type\":\"ListItem\",\"position\":2,\"name\":\"Forderungen\"}]},{\"@type\":\"WebSite\",\"@id\":\"https:\/\/pflegebuendnis-nds.de\/pflegebuendnis-niedersachsen-2\/#website\",\"url\":\"https:\/\/pflegebuendnis-nds.de\/pflegebuendnis-niedersachsen-2\/\",\"name\":\"pflegeb\u00fcndnis niedersachsen\",\"description\":\"Zusammenschluss von Pflegeb\u00fcndnissen in Niedersachsen\",\"publisher\":{\"@id\":\"https:\/\/pflegebuendnis-nds.de\/pflegebuendnis-niedersachsen-2\/#organization\"},\"potentialAction\":[{\"@type\":\"SearchAction\",\"target\":{\"@type\":\"EntryPoint\",\"urlTemplate\":\"https:\/\/pflegebuendnis-nds.de\/pflegebuendnis-niedersachsen-2\/?s={search_term_string}\"},\"query-input\":{\"@type\":\"PropertyValueSpecification\",\"valueRequired\":true,\"valueName\":\"search_term_string\"}}],\"inLanguage\":\"de\"},{\"@type\":\"Organization\",\"@id\":\"https:\/\/pflegebuendnis-nds.de\/pflegebuendnis-niedersachsen-2\/#organization\",\"name\":\"Pflegeb\u00fcndnis Niedersachsen\",\"url\":\"https:\/\/pflegebuendnis-nds.de\/pflegebuendnis-niedersachsen-2\/\",\"logo\":{\"@type\":\"ImageObject\",\"inLanguage\":\"de\",\"@id\":\"https:\/\/pflegebuendnis-nds.de\/pflegebuendnis-niedersachsen-2\/#\/schema\/logo\/image\/\",\"url\":\"https:\/\/pflegebuendnis-nds.de\/wp-content\/uploads\/2021\/01\/fuer_google.jpg\",\"contentUrl\":\"https:\/\/pflegebuendnis-nds.de\/wp-content\/uploads\/2021\/01\/fuer_google.jpg\",\"width\":680,\"height\":300,\"caption\":\"Pflegeb\u00fcndnis Niedersachsen\"},\"image\":{\"@id\":\"https:\/\/pflegebuendnis-nds.de\/pflegebuendnis-niedersachsen-2\/#\/schema\/logo\/image\/\"},\"sameAs\":[\"https:\/\/www.facebook.com\/groups\/297213664070555\/\"]}]}<\/script>\n<!-- \/ Yoast SEO plugin. -->","yoast_head_json":{"title":"Forderungen - pflegeb\u00fcndnis niedersachsen","description":"Hier finden sie die vorl\u00e4ufigen Forderungen des Pflegeb\u00fcndnis Niedersachsen","robots":{"index":"index","follow":"follow","max-snippet":"max-snippet:-1","max-image-preview":"max-image-preview:large","max-video-preview":"max-video-preview:-1"},"canonical":"https:\/\/pflegebuendnis-nds.de\/pflegebuendnis-niedersachsen-2\/forderungen\/","og_locale":"de_DE","og_type":"article","og_title":"Forderungen - pflegeb\u00fcndnis niedersachsen","og_description":"Hier finden sie die vorl\u00e4ufigen Forderungen des Pflegeb\u00fcndnis Niedersachsen","og_url":"https:\/\/pflegebuendnis-nds.de\/pflegebuendnis-niedersachsen-2\/forderungen\/","og_site_name":"pflegeb\u00fcndnis niedersachsen","article_publisher":"https:\/\/www.facebook.com\/groups\/297213664070555\/","article_modified_time":"2021-02-05T11:36:18+00:00","twitter_card":"summary_large_image","twitter_misc":{"Gesch\u00e4tzte Lesezeit":"2\u00a0Minuten"},"schema":{"@context":"https:\/\/schema.org","@graph":[{"@type":"WebPage","@id":"https:\/\/pflegebuendnis-nds.de\/pflegebuendnis-niedersachsen-2\/forderungen\/","url":"https:\/\/pflegebuendnis-nds.de\/pflegebuendnis-niedersachsen-2\/forderungen\/","name":"Forderungen - pflegeb\u00fcndnis niedersachsen","isPartOf":{"@id":"https:\/\/pflegebuendnis-nds.de\/pflegebuendnis-niedersachsen-2\/#website"},"datePublished":"2020-11-14T19:52:30+00:00","dateModified":"2021-02-05T11:36:18+00:00","description":"Hier finden sie die vorl\u00e4ufigen Forderungen des Pflegeb\u00fcndnis Niedersachsen","breadcrumb":{"@id":"https:\/\/pflegebuendnis-nds.de\/pflegebuendnis-niedersachsen-2\/forderungen\/#breadcrumb"},"inLanguage":"de","potentialAction":[{"@type":"ReadAction","target":["https:\/\/pflegebuendnis-nds.de\/pflegebuendnis-niedersachsen-2\/forderungen\/"]}]},{"@type":"BreadcrumbList","@id":"https:\/\/pflegebuendnis-nds.de\/pflegebuendnis-niedersachsen-2\/forderungen\/#breadcrumb","itemListElement":[{"@type":"ListItem","position":1,"name":"Startseite","item":"https:\/\/pflegebuendnis-nds.de\/pflegebuendnis-niedersachsen-2\/"},{"@type":"ListItem","position":2,"name":"Forderungen"}]},{"@type":"WebSite","@id":"https:\/\/pflegebuendnis-nds.de\/pflegebuendnis-niedersachsen-2\/#website","url":"https:\/\/pflegebuendnis-nds.de\/pflegebuendnis-niedersachsen-2\/","name":"pflegeb\u00fcndnis niedersachsen","description":"Zusammenschluss von Pflegeb\u00fcndnissen in Niedersachsen","publisher":{"@id":"https:\/\/pflegebuendnis-nds.de\/pflegebuendnis-niedersachsen-2\/#organization"},"potentialAction":[{"@type":"SearchAction","target":{"@type":"EntryPoint","urlTemplate":"https:\/\/pflegebuendnis-nds.de\/pflegebuendnis-niedersachsen-2\/?s={search_term_string}"},"query-input":{"@type":"PropertyValueSpecification","valueRequired":true,"valueName":"search_term_string"}}],"inLanguage":"de"},{"@type":"Organization","@id":"https:\/\/pflegebuendnis-nds.de\/pflegebuendnis-niedersachsen-2\/#organization","name":"Pflegeb\u00fcndnis Niedersachsen","url":"https:\/\/pflegebuendnis-nds.de\/pflegebuendnis-niedersachsen-2\/","logo":{"@type":"ImageObject","inLanguage":"de","@id":"https:\/\/pflegebuendnis-nds.de\/pflegebuendnis-niedersachsen-2\/#\/schema\/logo\/image\/","url":"https:\/\/pflegebuendnis-nds.de\/wp-content\/uploads\/2021\/01\/fuer_google.jpg","contentUrl":"https:\/\/pflegebuendnis-nds.de\/wp-content\/uploads\/2021\/01\/fuer_google.jpg","width":680,"height":300,"caption":"Pflegeb\u00fcndnis Niedersachsen"},"image":{"@id":"https:\/\/pflegebuendnis-nds.de\/pflegebuendnis-niedersachsen-2\/#\/schema\/logo\/image\/"},"sameAs":["https:\/\/www.facebook.com\/groups\/297213664070555\/"]}]}},"_links":{"self":[{"href":"https:\/\/pflegebuendnis-nds.de\/pflegebuendnis-niedersachsen-2\/wp-json\/wp\/v2\/pages\/144","targetHints":{"allow":["GET"]}}],"collection":[{"href":"https:\/\/pflegebuendnis-nds.de\/pflegebuendnis-niedersachsen-2\/wp-json\/wp\/v2\/pages"}],"about":[{"href":"https:\/\/pflegebuendnis-nds.de\/pflegebuendnis-niedersachsen-2\/wp-json\/wp\/v2\/types\/page"}],"author":[{"embeddable":true,"href":"https:\/\/pflegebuendnis-nds.de\/pflegebuendnis-niedersachsen-2\/wp-json\/wp\/v2\/users\/1"}],"replies":[{"embeddable":true,"href":"https:\/\/pflegebuendnis-nds.de\/pflegebuendnis-niedersachsen-2\/wp-json\/wp\/v2\/comments?post=144"}],"version-history":[{"count":120,"href":"https:\/\/pflegebuendnis-nds.de\/pflegebuendnis-niedersachsen-2\/wp-json\/wp\/v2\/pages\/144\/revisions"}],"predecessor-version":[{"id":2620,"href":"https:\/\/pflegebuendnis-nds.de\/pflegebuendnis-niedersachsen-2\/wp-json\/wp\/v2\/pages\/144\/revisions\/2620"}],"wp:attachment":[{"href":"https:\/\/pflegebuendnis-nds.de\/pflegebuendnis-niedersachsen-2\/wp-json\/wp\/v2\/media?parent=144"}],"curies":[{"name":"wp","href":"https:\/\/api.w.org\/{rel}","templated":true}]}}